{"id":3875,"date":"2018-07-24T02:08:45","date_gmt":"2018-07-24T02:08:45","guid":{"rendered":"https:\/\/saude-escudeiro.pt\/quem-somos\/"},"modified":"2019-01-19T13:37:46","modified_gmt":"2019-01-19T13:37:46","slug":"qui-nous-sommes","status":"publish","type":"page","link":"https:\/\/saude-escudeiro.pt\/fr\/qui-nous-sommes\/","title":{"rendered":"Qui nous sommes"},"content":{"rendered":"<\/div><\/div><\/div><!-- close content main div --><\/div><\/div><div id='quem-somos' class='av-layout-grid-container entry-content-wrapper main_color av-flex-cells   av-small-hide av-mini-hide   container_wrap sidebar_right'   >\n<div class=\"flex_cell no_margin av_one_half   avia-full-stretch \" style='height:500px; min-height:500px;background: #22689e; vertical-align:middle; padding:80px; background-color:#22689e; '><div class='flex_cell_inner' ><p><div style='padding-bottom:25px; color:#ffffff;font-size:34px;' class='av-special-heading av-special-heading-h3 custom-color-heading blockquote modern-quote   av-inherit-size '><h3 class='av-special-heading-tag '  itemprop=\"headline\"  >Vision<\/h3><div class='special-heading-border'><div class='special-heading-inner-border' style='border-color:#ffffff'><\/div><\/div><\/div><br \/>\n<section class=\"av_textblock_section \"  itemscope=\"itemscope\" itemtype=\"https:\/\/schema.org\/CreativeWork\" ><div class='avia_textblock  av_inherit_color '  style='color:#ffffff; '  itemprop=\"text\" ><p><b>Sant\u00e9 + Performance + Vitalit\u00e9<\/b><\/p>\n<p>Etre l&rsquo;organisation de r\u00e9f\u00e9rence dans le domaine de l&rsquo;optimisation humaine pour les utilisateurs et les professionnels, contribuant ainsi \u00e0 une meilleure connaissance et pratique de l&rsquo;activation des potentialit\u00e9s et des ressources du corps humain.<\/p>\n<\/div><\/section><\/p>\n<\/div><\/div><div class=\"flex_cell no_margin av_one_half    avia-full-stretch \" style='height:500px; min-height:500px;background:url(https:\/\/saude-escudeiro.pt\/wp-content\/uploads\/2018\/10\/imagem-p-quem-somos-clinica-1.jpg) top left no-repeat scroll #22689e; vertical-align:middle; padding:80px; background-color:#22689e; '><div class='flex_cell_inner' ><\/div><\/div>\n<\/div>\n<\/div><\/div><\/div><!-- close content main div --><\/div><\/div><div id='mission-valeurs' class='avia-section main_color avia-section-large avia-no-border-styling avia-bg-style-scroll    container_wrap sidebar_right' style = 'background-image: '  ><div class='container' ><div class='template-page content  av-content-small alpha units'><div class='post-entry post-entry-type-page post-entry-3875'><div class='entry-content-wrapper clearfix'>\n<div class=\"flex_column av_one_half  av-animated-generic bottom-to-top  flex_column_div av-zero-column-padding first  \" style='border-radius:0px; '><p><div style='padding-bottom:20px; color:#262261;font-size:34px;' class='av-special-heading av-special-heading-h3 custom-color-heading blockquote modern-quote   av-inherit-size '><h3 class='av-special-heading-tag '  itemprop=\"headline\"  >Notre mission<\/h3><div class='special-heading-border'><div class='special-heading-inner-border' style='border-color:#262261'><\/div><\/div><\/div><br \/>\n<section class=\"av_textblock_section \"  itemscope=\"itemscope\" itemtype=\"https:\/\/schema.org\/CreativeWork\" ><div class='avia_textblock  '   itemprop=\"text\" ><p>Rendez-le accessible \u00e0 chaque personne pour optimiser ses performances physiques et psycho-\u00e9motionnelles, en utilisant ses propres ressources physiologiques et en s&rsquo;affranchissant des limitations qui les emp\u00eachent de profiter pleinement de la vie.<\/p>\n<\/div><\/section><br \/>\n<div style='padding-bottom:20px; color:#262261;font-size:34px;' class='av-special-heading av-special-heading-h3 custom-color-heading blockquote modern-quote   av-inherit-size '><h3 class='av-special-heading-tag '  itemprop=\"headline\"  >Valeurs<\/h3><div class='special-heading-border'><div class='special-heading-inner-border' style='border-color:#262261'><\/div><\/div><\/div><br \/>\n<section class=\"av_textblock_section \"  itemscope=\"itemscope\" itemtype=\"https:\/\/schema.org\/CreativeWork\" ><div class='avia_textblock  '   itemprop=\"text\" ><ul>\n<li><b> Excellence<\/b><\/li>\n<\/ul>\n<p>Soucieux du moindre d\u00e9tail, nous souhaitons offrir une exp\u00e9rience remarquable, allant au-del\u00e0 des attentes initiales de ceux qui nous recherchent.<\/p>\n<ul>\n<li><b> Empathie <\/b><\/li>\n<\/ul>\n<p>Nous respectons et estimons chaque personne, sachant que la reconnaissance de leurs probl\u00e8mes est le point de d\u00e9part de leur r\u00e9solution.<\/p>\n<ul>\n<li><b> Connaissances<\/b><\/li>\n<\/ul>\n<p>Nous recherchons en permanence les domaines d&rsquo;intervention dans lesquels nous sommes impliqu\u00e9s, en dominant profond\u00e9ment les bases th\u00e9oriques et leur application pratique.<\/p>\n<\/div><\/section><\/p><\/div><div class=\"flex_column av_one_half  av-animated-generic bottom-to-top  flex_column_div av-zero-column-padding   \" style='border-radius:0px; '><section class=\"av_textblock_section \"  itemscope=\"itemscope\" itemtype=\"https:\/\/schema.org\/CreativeWork\" ><div class='avia_textblock  '   itemprop=\"text\" ><ul>\n<li style=\"font-weight: 400;\"><b>D\u00e9dicace<\/b><\/li>\n<\/ul>\n<p>Nous nous effor\u00e7ons de r\u00e9soudre les probl\u00e8mes de chaque personne en cr\u00e9ant un environnement totalement confidentiel et individualis\u00e9.<\/p>\n<ul>\n<li style=\"font-weight: 400;\"><b> Accueil<\/b><\/li>\n<\/ul>\n<p>Nous suivons l&rsquo;\u00e9volution constante des connaissances et les appliquons consciencieusement.<\/p>\n<ul>\n<li><b>La fonctionnalit\u00e9<\/b><\/li>\n<\/ul>\n<p>Nous appliquons les connaissances scientifiques et l&rsquo;exp\u00e9rience clinique \u00e0 la r\u00e9alit\u00e9 de chaque personne, de sorte que notre intervention soit pratique et adapt\u00e9e \u00e0 votre quotidien.<\/p>\n<ul>\n<li><b>Optimisme<\/b><\/li>\n<\/ul>\n<p>Nous cr\u00e9ons avec chaque personne une relation de proximit\u00e9 qui, \u00e9tant s\u00e9rieuse et responsable, est aussi un facteur de motivation et un g\u00e9n\u00e9rateur de bien-\u00eatre.<\/p>\n<ul>\n<li style=\"font-weight: 400;\"><b>Communication<\/b><\/li>\n<\/ul>\n<p>Nous utilisons des techniques et des environnements de communication efficaces et motivants pour aider la personne \u00e0 int\u00e9grer les connaissances essentielles \u00e0 sa sant\u00e9 et \u00e0 ses performances.<\/p>\n<\/div><\/section><\/div>\n<\/div><\/div><\/div><!-- close content main div --><\/div><\/div><div id='after_section_1' class='main_color av_default_container_wrap container_wrap sidebar_right'   ><div class='container' ><div class='template-page content  av-content-small alpha units'><div class='post-entry post-entry-type-page post-entry-3875'><div class='entry-content-wrapper clearfix'>\n<\/div><\/div><\/div><!-- close content main div --><\/div><\/div><div id='equipe' class='av-layout-grid-container entry-content-wrapper main_color av-flex-cells   av-small-hide av-mini-hide   container_wrap sidebar_right'   >\n<div class=\"flex_cell no_margin av_one_half    avia-full-stretch av-zero-padding \" style='height:500px; min-height:500px;background:url(https:\/\/saude-escudeiro.pt\/wp-content\/uploads\/2018\/10\/pedro-imagem-1.jpg) top center no-repeat scroll; vertical-align:middle; padding:0px; '><div class='flex_cell_inner' ><\/div><\/div><div class=\"flex_cell no_margin av_one_half    \" style='height:500px; min-height:500px;background: #22689e; vertical-align:middle; padding:40px; background-color:#22689e; '><div class='flex_cell_inner' ><p><div style='padding-bottom:25px; color:#ffffff;font-size:34px;' class='av-special-heading av-special-heading-h3 custom-color-heading blockquote modern-quote   av-inherit-size '><h3 class='av-special-heading-tag '  itemprop=\"headline\"  >Pedro Escudeiro<\/h3><div class='special-heading-border'><div class='special-heading-inner-border' style='border-color:#ffffff'><\/div><\/div><\/div><br \/>\n<section class=\"av_textblock_section \"  itemscope=\"itemscope\" itemtype=\"https:\/\/schema.org\/CreativeWork\" ><div class='avia_textblock  av_inherit_color '  style='color:#ffffff; '  itemprop=\"text\" ><p>Apr\u00e8s avoir compl\u00e9t\u00e9 4 des 5 ann\u00e9es du dipl\u00f4me d&rsquo;ing\u00e9nieur, il a obtenu son dipl\u00f4me en physioth\u00e9rapie puis en ost\u00e9opathie au Royaume-Uni. Dans ce pays, il a commenc\u00e9 son doctorat et a \u00e9t\u00e9 pendant trois ans ma\u00eetre de conf\u00e9rences en ost\u00e9opathie \u00e0 Oxford. Ce cours a \u00e9t\u00e9 d\u00e9terminant pour la cr\u00e9ation des bases du mod\u00e8le th\u00e9rapeutique caract\u00e9ristique du Health Squire.<\/p>\n<p>Pedro Escudeiro a d\u00e9velopp\u00e9 ce mod\u00e8le non pas tant pour d\u00e9fendre un paradigme de la sant\u00e9 naturelle, mais principalement parce que, de mani\u00e8re scientifique et dans son exp\u00e9rience personnelle, c\u2019est dans la plupart des cas le meilleur moyen, voire le meilleur, de r\u00e9soudre d\u00e9finitivement les probl\u00e8mes de complexes de sant\u00e9 des temps modernes.<\/p>\n<p>Joyeuse, positive, r\u00e9ellement accueillante et toujours concentr\u00e9e sur les difficult\u00e9s de la personne, recherche constamment la symbiose entre les connaissances disponibles et leur adaptation aux besoins de chacun. Ces derni\u00e8res ann\u00e9es, il a consacr\u00e9 une grande partie de son temps \u00e0 la cr\u00e9ation de l\u2019\u00e9quipe clinique et \u00e0 l\u2019enrichissement et la diffusion du mod\u00e8le th\u00e9rapeutique, afin de pouvoir aider davantage de patients, de mani\u00e8re plus rapide et plus durable.<\/p>\n<\/div><\/section><\/p>\n<\/div><\/div>\n<\/div>\n<\/div><\/div><\/div><!-- close content main div --><\/div><\/div><div id='av-layout-grid-3' class='av-layout-grid-container entry-content-wrapper main_color av-flex-cells   av-small-hide av-mini-hide   container_wrap sidebar_right'   >\n<div class=\"flex_cell no_margin av_one_half    \" style='height:500px; min-height:500px;background: #ffffff; vertical-align:middle; padding:40px; background-color:#ffffff; '><div class='flex_cell_inner' ><p><div style='padding-bottom:25px; color:#157ab9;font-size:34px;' class='av-special-heading av-special-heading-h3 custom-color-heading blockquote modern-quote   av-inherit-size '><h3 class='av-special-heading-tag '  itemprop=\"headline\"  >Teresa Garcia Escudeiro<\/h3><div class='special-heading-border'><div class='special-heading-inner-border' style='border-color:#157ab9'><\/div><\/div><\/div><br \/>\n<section class=\"av_textblock_section \"  itemscope=\"itemscope\" itemtype=\"https:\/\/schema.org\/CreativeWork\" ><div class='avia_textblock  av_inherit_color '  style='color:#7e7e7e; '  itemprop=\"text\" ><p>Physioth\u00e9rapeute et ost\u00e9opathe, sp\u00e9cialis\u00e9e dans le domaine de la sant\u00e9 p\u00e9diatrique et de la femme. Elle est cofondatrice de Sa\u00fade Escudeiro, en tant qu\u2019espace clinique et mod\u00e8le th\u00e9rapeutique, consacrant une partie de son temps aux activit\u00e9s n\u00e9cessaires \u00e0 son op\u00e9ration.<\/p>\n<p>Suite au travail effectu\u00e9 dans ses domaines d&rsquo;expertise, il a cr\u00e9\u00e9 un projet clinique personnel, int\u00e9gr\u00e9 \u00e0 Health Squire. Son intervention comprend un large \u00e9ventail de strat\u00e9gies th\u00e9rapeutiques qui impliquent souvent toute la famille, pas seulement le membre qui se rend \u00e0 la clinique. \u00c9tant une personne tr\u00e8s impliqu\u00e9e aupr\u00e8s de ses clients, il est fr\u00e9quent d\u2019accompagner les jeunes tout au long du processus de d\u00e9veloppement, les parents leur demandant conseil et pas seulement un traitement.<\/p>\n<p>Votre profil accueillant, d\u00e9vou\u00e9, comp\u00e9tent et gai fait de vos consultations un moment d\u2019\u00e9change exceptionnel d\u2019exp\u00e9riences et d\u2019apprentissage.<\/p>\n<p>Pour consulter le projet clinique personnel, visitez le site: <a href=\"http:\/\/teresagarciaescudeiro.pt\/\"> http:\/\/teresagarciaescudeiro.pt\/ <\/a>.<\/p>\n<\/div><\/section><\/p>\n<\/div><\/div><div class=\"flex_cell no_margin av_one_half    avia-full-stretch av-zero-padding \" style='height:500px; min-height:500px;background:url(https:\/\/saude-escudeiro.pt\/wp-content\/uploads\/2018\/10\/teresa-imagem.jpg) top center no-repeat scroll; vertical-align:middle; padding:0px; '><div class='flex_cell_inner' ><\/div><\/div>\n<\/div>\n<\/div><\/div><\/div><!-- close content main div --><\/div><\/div><div id='equipa' class='av-layout-grid-container entry-content-wrapper main_color av-flex-cells   av-small-hide av-mini-hide   container_wrap sidebar_right'   >\n<div class=\"flex_cell no_margin av_one_half    avia-full-stretch av-zero-padding \" style='height:500px; min-height:500px;background:url(https:\/\/saude-escudeiro.pt\/wp-content\/uploads\/2018\/10\/claudio.jpg) top right no-repeat scroll; vertical-align:middle; padding:0px; '><div class='flex_cell_inner' ><\/div><\/div><div class=\"flex_cell no_margin av_one_half    \" style='height:500px; min-height:500px;background: #22689e; vertical-align:middle; padding:40px; background-color:#22689e; '><div class='flex_cell_inner' ><p><div style='padding-bottom:25px; color:#ffffff;font-size:34px;' class='av-special-heading av-special-heading-h3 custom-color-heading blockquote modern-quote   av-inherit-size '><h3 class='av-special-heading-tag '  itemprop=\"headline\"  >Cl\u00e1udio Maroco<\/h3><div class='special-heading-border'><div class='special-heading-inner-border' style='border-color:#ffffff'><\/div><\/div><\/div><br \/>\n<section class=\"av_textblock_section \"  itemscope=\"itemscope\" itemtype=\"https:\/\/schema.org\/CreativeWork\" ><div class='avia_textblock  av_inherit_color '  style='color:#ffffff; '  itemprop=\"text\" ><p>Il a d&rsquo;abord obtenu son dipl\u00f4me en physioth\u00e9rapie, puis en ost\u00e9opathie et une ma\u00eetrise, apr\u00e8s avoir suivi une formation en m\u00e9decine. Il combine son intervention clinique avec un enseignement r\u00e9gulier dans l\u2019enseignement sup\u00e9rieur dans plusieurs domaines de la connaissance. Sa grande capacit\u00e9 \u00e0 approfondir les questions relatives \u00e0 la sant\u00e9 humaine et aux maladies, ainsi que ses vastes ressources techniques, gr\u00e2ce aux trois dipl\u00f4mes de premier cycle obtenus, lui conf\u00e8rent une vision unique et globale.<\/p>\n<p>C&rsquo;est une personne v\u00e9ritablement impliqu\u00e9e dans la sant\u00e9 des utilisateurs, avec une vision et une approche tr\u00e8s humaines et d\u00e9di\u00e9es. Il a mis ses connaissances au service du mod\u00e8le th\u00e9rapeutique de Health Squire et a contribu\u00e9 \u00e0 son affinement.<\/p>\n<p>Leur humilit\u00e9 et leur disponibilit\u00e9, toujours pr\u00e9sentes, en font un \u00e9l\u00e9ment enrichissant au sein de l&rsquo;\u00e9quipe clinique et administrative elle-m\u00eame.<\/p>\n<\/div><\/section><\/p>\n<\/div><\/div>\n<\/div>\n<\/div><\/div><\/div><!-- close content main div --><\/div><\/div><div id='av-layout-grid-5' class='av-layout-grid-container entry-content-wrapper main_color av-flex-cells   av-small-hide av-mini-hide   container_wrap sidebar_right'   >\n<div class=\"flex_cell no_margin av_one_half    \" style='height:500px; min-height:500px;background: #ffffff; vertical-align:middle; padding:40px; background-color:#ffffff; '><div class='flex_cell_inner' ><p><div style='padding-bottom:25px; color:#262261;font-size:34px;' class='av-special-heading av-special-heading-h3 custom-color-heading blockquote modern-quote   av-inherit-size '><h3 class='av-special-heading-tag '  itemprop=\"headline\"  >David Rato<\/h3><div class='special-heading-border'><div class='special-heading-inner-border' style='border-color:#262261'><\/div><\/div><\/div><br \/>\n<section class=\"av_textblock_section \"  itemscope=\"itemscope\" itemtype=\"https:\/\/schema.org\/CreativeWork\" ><div class='avia_textblock  av_inherit_color '  style='color:#7e7e7e; '  itemprop=\"text\" ><p>Physioth\u00e9rapeute ayant une formation en ost\u00e9opathie. Leur attention port\u00e9e aux d\u00e9tails et \u00e0 leur int\u00e9r\u00eat pour l\u2019\u00e9tude approfondie des th\u00e8mes li\u00e9s \u00e0 la sant\u00e9 et \u00e0 la performance humaines s\u2019est r\u00e9v\u00e9l\u00e9e \u00eatre un atout pour les utilisateurs et pour l\u2019\u00e9quipe de Squire Health.<\/p>\n<p>Fort de son exp\u00e9rience dans le traitement des affections cliniques chroniques et d\u00e9g\u00e9n\u00e9ratives, notamment neurologiques, musculo-squelettiques et respiratoires, il poss\u00e8de un talent particulier pour les situations n\u00e9cessitant des soins particuliers, telles que les personnes pr\u00e9sentant des affections cliniques limit\u00e9es en raison de l&rsquo;\u00e2ge ou de pathologies avanc\u00e9es. En cons\u00e9quence, il fournit d&rsquo;excellents soins de sant\u00e9 gr\u00e2ce au respect et \u00e0 la compr\u00e9hension dont il fait preuve pour r\u00e9soudre les probl\u00e8mes des personnes dont il s&rsquo;occupe.<\/p>\n<p>Son esprit humoristique, respectueux et d\u00e9vou\u00e9 est toujours pr\u00e9sent dans les soins qu\u2019il donne aux utilisateurs et dans ses relations avec l\u2019\u00e9quipe. Il a rapidement adopt\u00e9 et int\u00e9gr\u00e9 la vision, la mission et les valeurs de la sant\u00e9 Squire dans sa vie personnelle, ce qui a facilit\u00e9 son int\u00e9gration.<\/p>\n<\/div><\/section><\/p>\n<\/div><\/div><div class=\"flex_cell no_margin av_one_half   avia-full-stretch av-zero-padding \" style='height:500px; min-height:500px;background:url(https:\/\/saude-escudeiro.pt\/wp-content\/uploads\/2018\/10\/david.jpg) top center no-repeat scroll; vertical-align:middle; padding:0px; '><div class='flex_cell_inner' ><\/div><\/div>\n<\/div>\n<\/div><\/div><\/div><!-- close content main div --><\/div><\/div><div id='equipa' class='av-layout-grid-container entry-content-wrapper main_color av-flex-cells   av-small-hide av-mini-hide   container_wrap sidebar_right'   >\n<div class=\"flex_cell no_margin av_one_half   avia-full-stretch av-zero-padding \" style='height:500px; min-height:500px;background:url(https:\/\/saude-escudeiro.pt\/wp-content\/uploads\/2018\/07\/equipa-maria-salvador-845x684.jpg) top center no-repeat scroll; vertical-align:middle; padding:0px; '><div class='flex_cell_inner' ><\/div><\/div><div class=\"flex_cell no_margin av_one_half    \" style='height:500px; min-height:500px;background: #22689e; vertical-align:middle; padding:40px; background-color:#22689e; '><div class='flex_cell_inner' ><p><div style='padding-bottom:25px; color:#ffffff;font-size:34px;' class='av-special-heading av-special-heading-h3 custom-color-heading blockquote modern-quote   av-inherit-size '><h3 class='av-special-heading-tag '  itemprop=\"headline\"  >Maria Jos\u00e9 Biscaia Salvador<\/h3><div class='special-heading-border'><div class='special-heading-inner-border' style='border-color:#ffffff'><\/div><\/div><\/div><br \/>\n<section class=\"av_textblock_section \"  itemscope=\"itemscope\" itemtype=\"https:\/\/schema.org\/CreativeWork\" ><div class='avia_textblock  av_inherit_color '  style='color:#ffffff; '  itemprop=\"text\" ><p>Responsable de la zone administrative, il fait partie de l&rsquo;\u00e9quipe Health Squire depuis 2010. Il a vu na\u00eetre le projet et contribue quotidiennement \u00e0 son identit\u00e9, \u00e0 travers la mise en \u0153uvre de Vision, Mission et Valeurs.<\/p>\n<p>Leur grande capacit\u00e9 d&rsquo;apprentissage, leur humilit\u00e9 et leur volont\u00e9 d&rsquo;aider et de faire la diff\u00e9rence les rendent indispensables pour lib\u00e9rer les cliniciens des t\u00e2ches administratives et se concentrer sur leur domaine de comp\u00e9tence.<\/p>\n<p>Il relie l&rsquo;\u00e9quipe clinique et toutes les activit\u00e9s op\u00e9rationnelles en aidant les utilisateurs dans leurs relations avec Health Squire, notamment les rendez-vous, les rapports, la facturation, entre autres fonctions, en veillant \u00e0 ce que l&rsquo;espace physique offre les conditions id\u00e9ales \u00e0 l&rsquo;\u00e9quipe clinique. faire leur travail et assurer le bien-\u00eatre des utilisateurs.<\/p>\n<\/div><\/section><\/p>\n<\/div><\/div>\n<\/div>\n<\/div><\/div><\/div><!-- close content main div --><\/div><\/div><div id='histoire-concept-clinique' class='avia-section main_color avia-section-default avia-no-border-styling avia-bg-style-scroll    av-arrow-down-section container_wrap sidebar_right' style = 'background-image: '  ><div class='container' ><div class='template-page content  av-content-small alpha units'><div class='post-entry post-entry-type-page post-entry-3875'><div class='entry-content-wrapper clearfix'>\n<div class=\"flex_column av_one_half  av-animated-generic bottom-to-top  flex_column_div first   \" style='margin-top:-30px; margin-bottom:0px; padding:30px 10px 30px 10px ; border-radius:0px; '><p><div style='padding-bottom:0px; color:#262261;font-size:34px;' class='av-special-heading av-special-heading-h3 custom-color-heading blockquote modern-quote   av-inherit-size '><h3 class='av-special-heading-tag '  itemprop=\"headline\"  >HISTOIRE<\/h3><div class='special-heading-border'><div class='special-heading-inner-border' style='border-color:#262261'><\/div><\/div><\/div><br \/>\n<section class=\"av_textblock_section \"  itemscope=\"itemscope\" itemtype=\"https:\/\/schema.org\/CreativeWork\" ><div class='avia_textblock  '   itemprop=\"text\" ><p>Sa\u00fade Escudeiro, Lda. est n\u00e9 en 2010 d&rsquo;un projet clinique formel, avec un objectif commun: fournir les conditions n\u00e9cessaires pour traiter les personnes avec la dignit\u00e9 et la qualit\u00e9 que nous, Pedro Escudeiro et Teresa Garcia Escudeiro, voulions et estimions m\u00e9riter. Notre d\u00e9sir \u00e9tait de cr\u00e9er l&rsquo;environnement th\u00e9rapeutique id\u00e9al pour traduire l&rsquo;expression de l&rsquo;approche clinique que nous aimerions recevoir.<\/p>\n<p>En tant que professionnels, nous suivons des chemins diff\u00e9rents. Teresa Garcia Escudeiro a guid\u00e9 sa pr\u00e9paration pour le domaine de la sant\u00e9 des femmes, de la grossesse \/ post-partum et des soins p\u00e9diatriques. J&rsquo;ai d\u00e9velopp\u00e9 mes comp\u00e9tences dans le domaine des syndromes et des maladies g\u00e9n\u00e9r\u00e9s par le stress et l&rsquo;anxi\u00e9t\u00e9, notamment la recherche de solutions aux probl\u00e8mes chroniques et persistants.<\/p>\n<p>Anim\u00e9s par le d\u00e9sir d\u2019atteindre plus de personnes et d\u2019\u00eatre encore plus utiles, nous avons d\u00e9cid\u00e9 de constituer une \u00e9quipe d\u2019employ\u00e9s, choisis avec soin pour leur profil clinique et personnel et apr\u00e8s de nombreux essais. Cette \u00e9quipe, pr\u00e9par\u00e9e selon le mod\u00e8le clinique d\u00e9velopp\u00e9 \u00e0 Sa\u00fade Escudeiro, va bien au-del\u00e0 de la simple fourniture de soins cliniques. Nous faisons confiance \u00e0 chacun de ces professionnels et les examinons attentivement.<\/p>\n<\/div><\/section><\/p><\/div><div class=\"flex_column av_one_half  av-animated-generic bottom-to-top  flex_column_div    \" style='margin-top:-30px; margin-bottom:0px; padding:30px 10px 30px 10px ; border-radius:0px; '><p><div style='padding-bottom:0px; color:#262261;font-size:34px;' class='av-special-heading av-special-heading-h3 custom-color-heading blockquote modern-quote   av-inherit-size '><h3 class='av-special-heading-tag '  itemprop=\"headline\"  >CONCEPT CLINIQUE<\/h3><div class='special-heading-border'><div class='special-heading-inner-border' style='border-color:#262261'><\/div><\/div><\/div><br \/>\n<section class=\"av_textblock_section \"  itemscope=\"itemscope\" itemtype=\"https:\/\/schema.org\/CreativeWork\" ><div class='avia_textblock  '   itemprop=\"text\" ><p><span style=\"font-weight: 400;\">O Conceito Cl\u00ednico come\u00e7ou a desenvolver-se ainda em 2001, na conclus\u00e3o das nossas forma\u00e7\u00f5es acad\u00e9micas de base, Fisioterapia e Osteopatia, e quando tivemos o primeiro contacto direto com a comunidade osteop\u00e1tica no Reino Unido.<\/span><\/p>\n<p><span style=\"font-weight: 400;\">O Conceito Cl\u00ednico que caracteriza a Sa\u00fade Escudeiro \u00e9 simples e resulta da nossa observa\u00e7\u00e3o e experi\u00eancia. Aprendemos que o ser humano tem capacidades extraordin\u00e1rias de desempenho f\u00edsico e psico-emocional, que t\u00eam de ser ativadas para usufruir da vida em pleno, em termos de sa\u00fade, performance e vitalidade. Quando a sa\u00fade f\u00edsica ou mental \u00e9 afetada, a chave para retornar ao equil\u00edbrio \u00e9 a aplica\u00e7\u00e3o no dia-a-dia destas potencialidades da fisiologia humana.<\/span><\/p>\n<p><span style=\"font-weight: 400;\">O nosso foco \u00e9 ajudar as pessoas a libertarem-se das limita\u00e7\u00f5es que impedem o seu desempenho f\u00edsico e psico-emocional m\u00e1ximo e a tornarem-se aut\u00f3nomas no uso dos seus pr\u00f3prios recursos fisiol\u00f3gicos naturais. Sempre de uma forma pr\u00e1tica, aplicada \u00e0 vida do dia-a-dia; simples, sem necessidade de esfor\u00e7os ou conhecimentos extraordin\u00e1rios; e, tamb\u00e9m, motivadora.<\/span><\/p>\n<p><span style=\"font-weight: 400;\">Todo o Conceito Sa\u00fade Escudeiro est\u00e1 centrado em ajudar cada pessoa a ser a melhor vers\u00e3o de si pr\u00f3pria, dentro do que \u00e9 relevante para si mesma e a ter o estilo de vida que a preenche e mais lhe conv\u00e9m.<\/span><\/p>\n<p style=\"text-align: right;\">Pedro Escudeiro<\/p>\n<\/div><\/section><\/p><\/div><div style='height:50px' class='hr hr-invisible  '><span class='hr-inner ' ><span class='hr-inner-style'><\/span><\/span><\/div>\n<\/div><\/div><\/div><!-- close content main div --><\/div><div class='av-extra-border-element border-extra-arrow-down'><div class='av-extra-border-outer'><div class='av-extra-border-inner'  style='background-color:#ffffff;' ><\/div><\/div><\/div><\/div><div id='after_section_2' class='main_color av_default_container_wrap container_wrap sidebar_right'   ><div class='container' ><div class='template-page content  av-content-small alpha units'><div class='post-entry post-entry-type-page post-entry-3875'><div class='entry-content-wrapper clearfix'>\n<div class='avia-button-wrap avia-button-center  '><a href='https:\/\/saude-escudeiro.pt\/fr\/contacts\/' class='avia-button avia-button-fullwidth  av-icon-on-hover avia-icon_select-yes-right-icon avia-color-custom '  style='color:#ffffff; background-color:#307ecc;  ' ><span class='avia_iconbox_title' >Marquez votre rendez-vous maintenant et commencez \u00e0 prendre soin de vous d\u00e8s aujourd\u2019hui!<\/span><span class='avia_button_icon avia_button_icon_right' aria-hidden='true' data-av_icon='\ue805' data-av_iconfont='entypo-fontello'><\/span><div class='av-button-description av-button-description-below'><p>Contactez nous<\/p>\n<\/div><span class='avia_button_background avia-button avia-button-fullwidth avia-color-custom' style='background-color:#97d700; '><\/span><\/a><\/div>\n","protected":false},"excerpt":{"rendered":"... <a href=\"https:\/\/saude-escudeiro.pt\/fr\/qui-nous-sommes\/\">Continuar a ler<\/a>.","protected":false},"author":7,"featured_media":0,"parent":0,"menu_order":2,"comment_status":"closed","ping_status":"closed","template":"","meta":{"inline_featured_image":false,"footnotes":""},"class_list":["post-3875","page","type-page","status-publish","hentry"],"_links":{"self":[{"href":"https:\/\/saude-escudeiro.pt\/fr\/wp-json\/wp\/v2\/pages\/3875","targetHints":{"allow":["GET"]}}],"collection":[{"href":"https:\/\/saude-escudeiro.pt\/fr\/wp-json\/wp\/v2\/pages"}],"about":[{"href":"https:\/\/saude-escudeiro.pt\/fr\/wp-json\/wp\/v2\/types\/page"}],"author":[{"embeddable":true,"href":"https:\/\/saude-escudeiro.pt\/fr\/wp-json\/wp\/v2\/users\/7"}],"replies":[{"embeddable":true,"href":"https:\/\/saude-escudeiro.pt\/fr\/wp-json\/wp\/v2\/comments?post=3875"}],"version-history":[{"count":4,"href":"https:\/\/saude-escudeiro.pt\/fr\/wp-json\/wp\/v2\/pages\/3875\/revisions"}],"predecessor-version":[{"id":4454,"href":"https:\/\/saude-escudeiro.pt\/fr\/wp-json\/wp\/v2\/pages\/3875\/revisions\/4454"}],"wp:attachment":[{"href":"https:\/\/saude-escudeiro.pt\/fr\/wp-json\/wp\/v2\/media?parent=3875"}],"curies":[{"name":"wp","href":"https:\/\/api.w.org\/{rel}","templated":true}]}}