{"id":3893,"date":"2018-07-27T06:31:48","date_gmt":"2018-07-27T06:31:48","guid":{"rendered":"https:\/\/saude-escudeiro.pt\/otimizacao-humana\/"},"modified":"2019-01-18T15:12:21","modified_gmt":"2019-01-18T15:12:21","slug":"optimisation-humaine","status":"publish","type":"page","link":"https:\/\/saude-escudeiro.pt\/fr\/optimisation-humaine\/","title":{"rendered":"Optimisation Humaine"},"content":{"rendered":"<\/div><\/div><\/div><!-- close content main div --><\/div><\/div><div id='concept' class='av-layout-grid-container entry-content-wrapper main_color av-flex-cells   av-small-hide av-mini-hide   container_wrap sidebar_right'   >\n<div class=\"flex_cell no_margin av_one_half    avia-full-stretch \" style='height:500px; min-height:500px;background:url(https:\/\/saude-escudeiro.pt\/wp-content\/uploads\/2018\/10\/imagem-opt_hum_conceito-2.jpg) top left no-repeat scroll; vertical-align:middle; padding:80px; '><div class='flex_cell_inner' ><\/div><\/div><div class=\"flex_cell no_margin av_one_half   \" style='height:500px; min-height:500px;background: #22689e; vertical-align:middle; padding:80px; background-color:#22689e; '><div class='flex_cell_inner' ><p><div style='padding-bottom:25px; color:#ffffff;font-size:34px;' class='av-special-heading av-special-heading-h3 custom-color-heading blockquote modern-quote modern-centered   av-inherit-size '><h3 class='av-special-heading-tag '  itemprop=\"headline\"  >CONCEPT<\/h3><div class='special-heading-border'><div class='special-heading-inner-border' style='border-color:#ffffff'><\/div><\/div><\/div><br \/>\n<section class=\"av_textblock_section \"  itemscope=\"itemscope\" itemtype=\"https:\/\/schema.org\/CreativeWork\" ><div class='avia_textblock  av_inherit_color '  style='color:#ffffff; '  itemprop=\"text\" ><p>L\u2019optimisation humaine est une approche clinique et scientifique qui vise \u00e0 amener la personne \u00e0 un fonctionnement optimal du corps et du cerveau.<\/p>\n<p>En pratique, il s\u2019agit de tirer pleinement parti des capacit\u00e9s physiologiques naturelles de l\u2019\u00eatre humain afin d\u2019obtenir le meilleur en mati\u00e8re de sant\u00e9, de performance et de vitalit\u00e9.<\/p>\n<p>Ce n&rsquo;est que lorsque le cerveau et le corps fonctionnent de mani\u00e8re optimale qu&rsquo;il est possible pour chaque personne de manifester son plein potentiel et de vivre sa vie sans limitations ni conditionnements.<\/p>\n<\/div><\/section><\/p>\n<\/div><\/div>\n<\/div>\n<\/div><\/div><\/div><!-- close content main div --><\/div><\/div><div id='thisisopt' class='avia-section main_color avia-section-huge avia-no-border-styling avia-bg-style-scroll   container_wrap sidebar_right' style = 'background-image: '  ><div class='container' ><div class='template-page content  av-content-small alpha units'><div class='post-entry post-entry-type-page post-entry-3893'><div class='entry-content-wrapper clearfix'>\n<div class='flex_column_table av-equal-height-column-flextable -flextable' style='margin-top:-200px; margin-bottom:0px; '><div class=\"flex_column av_one_third  no_margin flex_column_table_cell av-equal-height-column av-align-top av-zero-column-padding first   \" style='border-radius:0px; '><\/div><\/div><!--close column table wrapper. Autoclose: 1 --><div class='flex_column_table av-equal-height-column-flextable -flextable' style='margin-top:-200px; margin-bottom:0px; '><div class=\"flex_column av_one_third  no_margin flex_column_table_cell av-equal-height-column av-align-top    \" style='background: #67c104; padding:15px; background-color:#67c104; border-radius:0px; '><p><span class=\"av_font_icon avia_animate_when_visible  av-icon-style-  avia-icon-pos-center \" style=\"color:#ffffff; border-color:#ffffff;\"><span class='av-icon-char' style='font-size:60px;line-height:60px;' aria-hidden='true' data-av_icon='\uf104' data-av_iconfont='medical' ><\/span><\/span><br \/>\n<div style='height:20px' class='hr hr-invisible  '><span class='hr-inner ' ><span class='hr-inner-style'><\/span><\/span><\/div><br \/>\n<section class=\"av_textblock_section \"  itemscope=\"itemscope\" itemtype=\"https:\/\/schema.org\/CreativeWork\" ><div class='avia_textblock  av_inherit_color '  style='color:#ffffff; '  itemprop=\"text\" ><h4 style=\"text-align: center;\">IDENTIFIEZ VOTRE STATUT PHYSIOLOGIQUE ACTUEL<\/h4>\n<\/div><\/section><br \/>\n<div style='height:8px' class='hr hr-invisible  '><span class='hr-inner ' ><span class='hr-inner-style'><\/span><\/span><\/div><br \/>\n<div class='avia-button-wrap avia-button-center  '><a href='https:\/\/saude-escudeiro.pt\/fr\/optimisation-humaine\/#programme-efa-zoff'  class='avia-button av-icon-on-hover  avia-icon_select-yes-right-icon avia-color-light avia-size-medium avia-position-center '   ><span class='avia_iconbox_title' >En savoir plus<\/span><span class='avia_button_icon avia_button_icon_right' aria-hidden='true' data-av_icon='\ue879' data-av_iconfont='entypo-fontello'><\/span><\/a><\/div><\/p><\/div><\/div><!--close column table wrapper. Autoclose: 1 --><div class='flex_column_table av-equal-height-column-flextable -flextable' style='margin-top:-200px; margin-bottom:0px; '><div class=\"flex_column av_one_third  no_margin flex_column_table_cell av-equal-height-column av-align-top av-zero-column-padding    \" style='border-radius:0px; '><\/div><\/div><!--close column table wrapper. Autoclose: 1 --><div class='flex_column_table av-equal-height-column-flextable -flextable' style='margin-top:50px; margin-bottom:50px; '><div class=\"flex_column av_one_half  av-animated-generic bottom-to-top  flex_column_table_cell av-equal-height-column av-align-top av-zero-column-padding first  \" style='border-radius:0px; '><p><div class='avia-image-container  av-styling-    avia-align-center '  itemprop=\"ImageObject\" itemscope=\"itemscope\" itemtype=\"https:\/\/schema.org\/ImageObject\"  ><div class='avia-image-container-inner'><div class='avia-image-overlay-wrap'><img class='avia_image ' src='https:\/\/saude-escudeiro.pt\/wp-content\/uploads\/2018\/10\/LIBERTE_CORPO.jpg' alt='' title='LIBERTE_CORPO' height=\"503\"width=\"629\"  itemprop=\"thumbnailUrl\"  \/><\/div><\/div><\/div><br \/>\n<div style='padding-bottom:0px; margin:2px 0px 0px 0px; color:#262261;font-size:27px;' class='av-special-heading av-special-heading-h2 custom-color-heading blockquote modern-quote modern-centered   av-inherit-size '><h2 class='av-special-heading-tag '  itemprop=\"headline\"  >CORPS LIBRE ET CERVEAU DE CONDITIONNEMENT<\/h2><div class='special-heading-border'><div class='special-heading-inner-border' style='border-color:#262261'><\/div><\/div><\/div><br \/>\n<section class=\"av_textblock_section \"  itemscope=\"itemscope\" itemtype=\"https:\/\/schema.org\/CreativeWork\" ><div class='avia_textblock  '   itemprop=\"text\" ><p>Afin de r\u00e9aliser l&rsquo;optimisation, il est n\u00e9cessaire de cr\u00e9er un environnement physiologique interne qui respecte les besoins de l&rsquo;organisme. Lorsqu&rsquo;il y a un conflit entre ce dont la personne a besoin et ce qui est fourni, par son mode de vie, par exemple, l&rsquo;organisme subit une perturbation qui conduit \u00e0 une dysr\u00e9gulation physiologique, g\u00e9n\u00e9rant un ensemble de probl\u00e8mes de sant\u00e9, de performance et de vitalit\u00e9.<\/p>\n<p>L\u2019intervention de Sa\u00fade Escudeiro consiste \u00e0 trouver cette symbiose afin que l\u2019optimisation se fasse naturellement.<\/p>\n<\/div><\/section><br \/>\n<div class='avia-button-wrap avia-button-center  '><a href='https:\/\/saude-escudeiro.pt\/fr\/optimisation-humaine\/#programme-efa-zoff'  class='avia-button   avia-icon_select-no avia-color-custom avia-size-medium avia-position-center '  style='background-color:#157ab9; border-color:#157ab9; color:#ffffff; ' ><span class='avia_iconbox_title' >En savoir plus<\/span><\/a><\/div><\/p><\/div><\/div><!--close column table wrapper. Autoclose: 1 --><div class='flex_column_table av-equal-height-column-flextable -flextable' style='margin-top:50px; margin-bottom:50px; '><div class='av-flex-placeholder'><\/div><div class=\"flex_column av_one_half  av-animated-generic bottom-to-top  flex_column_table_cell av-equal-height-column av-align-top av-zero-column-padding   \" style='border-radius:0px; '><p><div class='avia-image-container  av-styling-    avia-align-center '  itemprop=\"ImageObject\" itemscope=\"itemscope\" itemtype=\"https:\/\/schema.org\/ImageObject\"  ><div class='avia-image-container-inner'><div class='avia-image-overlay-wrap'><img class='avia_image ' src='https:\/\/saude-escudeiro.pt\/wp-content\/uploads\/2018\/10\/conhe\u00e7a-e-preencha_imag_site.jpg' alt='' title='conhe\u00e7a-e-preencha_imag_site' height=\"509\"width=\"629\"  itemprop=\"thumbnailUrl\"  \/><\/div><\/div><\/div><br \/>\n<div style='padding-bottom:0px; margin:2px 0px 0px 0px; color:#262261;font-size:27px;' class='av-special-heading av-special-heading-h2 custom-color-heading blockquote modern-quote modern-centered   av-inherit-size '><h2 class='av-special-heading-tag '  itemprop=\"headline\"  >CONNA\u00ceTRE ET REMPLIR VOS BESOINS PHYSIOLOGIQUES<\/h2><div class='special-heading-border'><div class='special-heading-inner-border' style='border-color:#262261'><\/div><\/div><\/div><br \/>\n<section class=\"av_textblock_section \"  itemscope=\"itemscope\" itemtype=\"https:\/\/schema.org\/CreativeWork\" ><div class='avia_textblock  '   itemprop=\"text\" ><p>Sa\u00fade Escudeiro \u00e9tudie votre \u00e9tat physiologique et vos besoins et identifie vos rythmes biologiques naturels.<\/p>\n<p>Forts de ces connaissances, nous avons \u00e9labor\u00e9 un plan visant \u00e0 modifier son fonctionnement et \u00e0 r\u00e9pondre aux besoins physiologiques nuisant \u00e0 la sant\u00e9, aux performances et \u00e0 la vitalit\u00e9.<\/p>\n<\/div><\/section><br \/>\n<div style='height:66px' class='hr hr-invisible  av-medium-hide av-small-hide av-mini-hide '><span class='hr-inner ' ><span class='hr-inner-style'><\/span><\/span><\/div><br \/>\n<div class='avia-button-wrap avia-button-center  '><a href='https:\/\/saude-escudeiro.pt\/fr\/optimisation-humaine\/#programme-efa-zoff'  class='avia-button   avia-icon_select-no avia-color-custom avia-size-medium avia-position-center '  style='background-color:#157ab9; border-color:#157ab9; color:#ffffff; ' ><span class='avia_iconbox_title' >En savoir plus<\/span><\/a><\/div><\/p><\/div><\/div><!--close column table wrapper. Autoclose: 1 --><\/div><\/div><\/div><!-- close content main div --><\/div><\/div><div id='after_section_1' class='main_color av_default_container_wrap container_wrap sidebar_right'   ><div class='container' ><div class='template-page content  av-content-small alpha units'><div class='post-entry post-entry-type-page post-entry-3893'><div class='entry-content-wrapper clearfix'><\/div><\/div><\/div><!-- close content main div --><\/div><\/div><div id='programmes-d-optimisation' class='av-layout-grid-container entry-content-wrapper main_color av-flex-cells     container_wrap sidebar_right'   >\n<div class=\"flex_cell no_margin av_one_half   avia-full-stretch \" style='height:500px; min-height:500px;background: #22689e; vertical-align:middle; padding:80px; background-color:#22689e; '><div class='flex_cell_inner' ><p><div style='padding-bottom:25px; color:#ffffff;font-size:34px;' class='av-special-heading av-special-heading-h3 custom-color-heading blockquote modern-quote modern-centered   av-inherit-size '><h3 class='av-special-heading-tag '  itemprop=\"headline\"  >Programmes d\u2019optimisation<\/h3><div class='special-heading-border'><div class='special-heading-inner-border' style='border-color:#ffffff'><\/div><\/div><\/div><br \/>\n<section class=\"av_textblock_section \"  itemscope=\"itemscope\" itemtype=\"https:\/\/schema.org\/CreativeWork\" ><div class='avia_textblock  av_inherit_color '  style='color:#ffffff; '  itemprop=\"text\" ><p>C&rsquo;est le mode d&rsquo;intervention dans lequel l&rsquo;ensemble du processus d&rsquo;optimisation peut \u00eatre r\u00e9alis\u00e9 en totale autonomie par la personne.<\/p>\n<\/div><\/section><br \/>\n<section class=\"av_textblock_section \"  itemscope=\"itemscope\" itemtype=\"https:\/\/schema.org\/CreativeWork\" ><div class='avia_textblock  av_inherit_color '  style='color:#ffffff; '  itemprop=\"text\" ><p>La personne recevra les directives et les instructions n\u00e9cessaires pour mener \u00e0 bien le programme sans n\u00e9cessiter de soutien clinique. L\u2019application de strat\u00e9gies, de m\u00e9thodologies et d\u2019outils suit une approche g\u00e9n\u00e9ralis\u00e9e et les programmes sont con\u00e7us pour permettre \u00e0 chaque personne, en toute autonomie, d\u2019adapter le processus \u00e0 son cas concret, en tenant compte de leurs sp\u00e9cificit\u00e9s physiologiques.<\/p>\n<\/div><\/section><\/p>\n<\/div><\/div><div class=\"flex_cell no_margin av_one_half    av-hide-on-mobile  \" style='height:500px; min-height:500px;background:url(https:\/\/saude-escudeiro.pt\/wp-content\/uploads\/2018\/10\/foto_menina_tablet.jpg) top center no-repeat scroll; vertical-align:middle; padding:80px; '><div class='flex_cell_inner' ><\/div><\/div>\n<\/div><\/p>\n<\/div><\/div><\/div><!-- close content main div --><\/div><\/div><div id='programme-efa-zoff' class='avia-section main_color avia-section-default avia-no-border-styling avia-bg-style-scroll    container_wrap sidebar_right' style = 'background-image: '  ><div class='container' ><div class='template-page content  av-content-small alpha units'><div class='post-entry post-entry-type-page post-entry-3893'><div class='entry-content-wrapper clearfix'>\n<div class=\"flex_column av_one_third  av-animated-generic left-to-right  flex_column_div av-zero-column-padding first  \" style='border-radius:0px; '><p><div class='avia-image-container  av-styling-    avia-align-center '  itemprop=\"ImageObject\" itemscope=\"itemscope\" itemtype=\"https:\/\/schema.org\/ImageObject\"  ><div class='avia-image-container-inner'><div class='avia-image-overlay-wrap'><img class='avia_image ' src='https:\/\/saude-escudeiro.pt\/wp-content\/uploads\/2018\/10\/ptograma_effa_zoff-2.jpg' alt='' title='ptograma_effa_zoff' height=\"236\"width=\"357\"  itemprop=\"thumbnailUrl\"  \/><\/div><\/div><\/div><br \/>\n<div style='padding-bottom:0px; margin:2px 0px 0px 0px; color:#262261;font-size:22px;' class='av-special-heading av-special-heading-h2 custom-color-heading blockquote modern-quote   av-inherit-size '><h2 class='av-special-heading-tag '  itemprop=\"headline\"  >PROGRAMME EFA + ZOFF<\/h2><div class='special-heading-border'><div class='special-heading-inner-border' style='border-color:#262261'><\/div><\/div><\/div><br \/>\n<section class=\"av_textblock_section \"  itemscope=\"itemscope\" itemtype=\"https:\/\/schema.org\/CreativeWork\" ><div class='avia_textblock  '   itemprop=\"text\" ><p>Le programme vise \u00e0 aider la personne \u00e0 conna\u00eetre son \u00e9tat physiologique actuel ainsi que ses rythmes biologiques naturels, \u00e9l\u00e9ments essentiels au fonctionnement optimal de votre corps (Zone de grande fonction physiologique &#8211; ZOFF).<\/p>\n<p>Chaque \u00eatre humain a un fonctionnement interne naturel qui lui est propre, se constituant comme une empreinte physiologique. Lorsque le corps est autoris\u00e9 \u00e0 se trouver dans cet \u00e9tat, il exprime naturellement Sant\u00e9, Performance et Vitalit\u00e9. Conna\u00eetre son corps, savoir ce qui est bon pour vous et ce qui vous nuit, est le seul moyen de vous donner ce dont il a besoin.<\/p>\n<p>Ce programme est destin\u00e9 uniquement \u00e0 l&rsquo;\u00e9valuation, il analyse l&rsquo;\u00e9tat interne et le compare \u00e0 un \u00e9tat optimis\u00e9. N&rsquo;inclut pas les strat\u00e9gies ou les instructions pour obtenir un statut optimis\u00e9.<\/p>\n<\/div><\/section><\/p><\/div><div class=\"flex_column av_one_third  av-animated-generic bottom-to-top  flex_column_div av-zero-column-padding   \" style='border-radius:0px; '><p><div class='avia-image-container  av-styling-    avia-align-center '  itemprop=\"ImageObject\" itemscope=\"itemscope\" itemtype=\"https:\/\/schema.org\/ImageObject\"  ><div class='avia-image-container-inner'><div class='avia-image-overlay-wrap'><img class='avia_image ' src='https:\/\/saude-escudeiro.pt\/wp-content\/uploads\/2018\/10\/programa_supervit.jpg' alt='' title='programa_supervit' height=\"337\"width=\"507\"  itemprop=\"thumbnailUrl\"  \/><\/div><\/div><\/div><br \/>\n<div style='padding-bottom:0px; margin:2px 0px 0px 0px; color:#262261;font-size:22px;' class='av-special-heading av-special-heading-h2 custom-color-heading blockquote modern-quote   av-inherit-size '><h2 class='av-special-heading-tag '  itemprop=\"headline\"  >PROGRAMME SUPERVIT <\/h2><div class='special-heading-border'><div class='special-heading-inner-border' style='border-color:#262261'><\/div><\/div><\/div><br \/>\n<section class=\"av_textblock_section \"  itemscope=\"itemscope\" itemtype=\"https:\/\/schema.org\/CreativeWork\" ><div class='avia_textblock  '   itemprop=\"text\" ><p>Le programme Supervit fournit des strat\u00e9gies, m\u00e9thodes et outils g\u00e9n\u00e9ralis\u00e9s que chacun peut utiliser pour modifier le fonctionnement de son corps et de son cerveau, ce qui leur permet de tirer parti de leurs ressources naturelles pour optimiser ou r\u00e9soudre des probl\u00e8mes sp\u00e9cifiques de sant\u00e9, de performance ou de vitalit\u00e9.<\/p>\n<p>Dans ce programme, l&rsquo;\u00e9tat physiologique actuel, qui est l&rsquo;\u00e9tat interne de la personne, ou identifi\u00e9, la zone de fonction physiologique optimale n&rsquo;est pas coch\u00e9e, qui est l&rsquo;\u00e9tat dans lequel la personne fonctionnerait de mani\u00e8re optimale. Pour obtenir ces informations, vous devez suivre le programme EFA + ZOFF, ax\u00e9 sur l\u2019\u00e9valuation, ou le programme Clinical Active, qui comprend \u00e9valuation et intervention.<\/p>\n<\/div><\/section><\/p><\/div><div class=\"flex_column av_one_third  av-animated-generic right-to-left  flex_column_div av-zero-column-padding   \" style='border-radius:0px; '><p><div class='avia-image-container  av-styling-    avia-align-center '  itemprop=\"ImageObject\" itemscope=\"itemscope\" itemtype=\"https:\/\/schema.org\/ImageObject\"  ><div class='avia-image-container-inner'><div class='avia-image-overlay-wrap'><img class='avia_image ' src='https:\/\/saude-escudeiro.pt\/wp-content\/uploads\/2018\/10\/clinical_activ-1.jpg' alt='' title='clinical_activ' height=\"337\"width=\"507\"  itemprop=\"thumbnailUrl\"  \/><\/div><\/div><\/div><br \/>\n<div style='padding-bottom:0px; margin:2px 0px 0px 0px; color:#262261;font-size:22px;' class='av-special-heading av-special-heading-h2 custom-color-heading blockquote modern-quote   av-inherit-size '><h2 class='av-special-heading-tag '  itemprop=\"headline\"  >PROGRAMME CLINICAL ACTIVE<\/h2><div class='special-heading-border'><div class='special-heading-inner-border' style='border-color:#262261'><\/div><\/div><\/div><br \/>\n<section class=\"av_textblock_section \"  itemscope=\"itemscope\" itemtype=\"https:\/\/schema.org\/CreativeWork\" ><div class='avia_textblock  '   itemprop=\"text\" ><p>Le programme Clinical Active est destin\u00e9 \u00e0 ceux qui souhaitent utiliser leur corps et leur cerveau pour une optimisation optimale, qu\u2019ils perturbent ou non leur sant\u00e9, leur performance ou leur vitalit\u00e9.<\/p>\n<p>Le programme commence par une analyse de l&rsquo;\u00e9tat physiologique actuel et par l&rsquo;identification de la zone de grande fonction physiologique dans laquelle la personne doit \u00eatre optimis\u00e9e (EFA + ZOFF).<\/p>\n<p>La deuxi\u00e8me phase est l\u2019indication, l\u2019enseignement et l\u2019application de strat\u00e9gies, de m\u00e9thodologies et d\u2019outils personnalis\u00e9s pour amener la personne o\u00f9 elle se trouve physiologiquement \u00e0 l\u2019emplacement o\u00f9 elle devrait \u00eatre pour une optimisation maximale.<\/p>\n<\/div><\/section><\/p><\/div><div class=\"flex_column av_one_third  av-animated-generic left-to-right  av-hide-on-mobile  flex_column_div av-zero-column-padding first   \" style='border-radius:0px; '><div class='avia-button-wrap avia-button-center  '><a href='https:\/\/saude-escudeiro.pt\/fr\/programme-efa-zoff\/'  class='avia-button   av-small-hide av-mini-hide avia-icon_select-no avia-color-custom avia-size-medium avia-position-center '  style='background-color:#157ab9; border-color:#157ab9; color:#ffffff; ' ><span class='avia_iconbox_title' >ACQU\u00c9RIR EFA + ZOFF<\/span><\/a><\/div><\/div><div class=\"flex_column av_one_third  av-animated-generic left-to-right  av-hide-on-mobile  flex_column_div av-zero-column-padding    \" style='border-radius:0px; '><div class='avia-button-wrap avia-button-center  '><a href='https:\/\/saude-escudeiro.pt\/fr\/programme-supervit\/'  class='avia-button   av-small-hide av-mini-hide avia-icon_select-no avia-color-custom avia-size-medium avia-position-center '  style='background-color:#157ab9; border-color:#157ab9; color:#ffffff; ' ><span class='avia_iconbox_title' >ACQU\u00c9RIR SUPERVIT<\/span><\/a><\/div><\/div><div class=\"flex_column av_one_third  av-animated-generic left-to-right  av-hide-on-mobile  flex_column_div av-zero-column-padding    \" style='border-radius:0px; '><div class='avia-button-wrap avia-button-center  '><a href='https:\/\/saude-escudeiro.pt\/fr\/programme-clinical-active\/'  class='avia-button   av-small-hide av-mini-hide avia-icon_select-no avia-color-custom avia-size-medium avia-position-center '  style='background-color:#157ab9; border-color:#157ab9; color:#ffffff; ' ><span class='avia_iconbox_title' >ACQU\u00c9RIR CLINICAL ACTIVE<\/span><\/a><\/div><\/div><div style='height:1px' class='hr hr-invisible  '><span class='hr-inner ' ><span class='hr-inner-style'><\/span><\/span><\/div>\n<\/div><\/div><\/div><!-- close content main div --><\/div><\/div><div id='after_section_2' class='main_color av_default_container_wrap container_wrap sidebar_right'   ><div class='container' ><div class='template-page content  av-content-small alpha units'><div class='post-entry post-entry-type-page post-entry-3893'><div class='entry-content-wrapper clearfix'><\/div><\/div><\/div><!-- close content main div --><\/div><\/div><div id='support-personnalise' class='av-layout-grid-container entry-content-wrapper main_color av-flex-cells   av-small-hide av-mini-hide   container_wrap sidebar_right'   >\n<div class=\"flex_cell no_margin av_one_half   avia-full-stretch \" style='height:500px; min-height:500px;background:url(https:\/\/saude-escudeiro.pt\/wp-content\/uploads\/2018\/11\/imagem_apoio_personalizado_otimizacao.jpg) top center no-repeat scroll; vertical-align:middle; padding:80px; '><div class='flex_cell_inner' ><\/div><\/div><div class=\"flex_cell no_margin av_one_half   \" style='height:500px; min-height:500px;background: #22689e; vertical-align:middle; padding:80px; background-color:#22689e; '><div class='flex_cell_inner' ><p><div style='padding-bottom:25px; color:#ffffff;font-size:34px;' class='av-special-heading av-special-heading-h3 custom-color-heading blockquote modern-quote modern-centered   av-inherit-size '><h3 class='av-special-heading-tag '  itemprop=\"headline\"  >Support d\u2019optimisation personnalis\u00e9e<\/h3><div class='special-heading-border'><div class='special-heading-inner-border' style='border-color:#ffffff'><\/div><\/div><\/div><br \/>\n<section class=\"av_textblock_section \"  itemscope=\"itemscope\" itemtype=\"https:\/\/schema.org\/CreativeWork\" ><div class='avia_textblock  av_inherit_color '  style='color:#ffffff; '  itemprop=\"text\" ><p>C\u2019est le mode d\u2019intervention dans lequel l\u2019ensemble du processus est soigneusement accompagn\u00e9 par un clinicien afin de faciliter l\u2019application de la d\u00e9marche au cas particulier de chaque personne.<\/p>\n<p>Il assume l\u2019orientation lors de l\u2019\u00e9valuation physiologique et de l\u2019application des strat\u00e9gies, m\u00e9thodologies et outils, et est capable d\u2019effectuer les ajustements n\u00e9cessaires en temps r\u00e9el pour obtenir des r\u00e9sultats.<\/p>\n<p>Il s&rsquo;agit d&rsquo;un processus plus efficace que l&rsquo;intervention via l&rsquo;un des programmes d&rsquo;optimisation, qui n\u00e9cessite une autonomie totale et est moins personnalis\u00e9.<\/p>\n<\/div><\/section><br \/>\n<section class=\"av_textblock_section \"  itemscope=\"itemscope\" itemtype=\"https:\/\/schema.org\/CreativeWork\" ><div class='avia_textblock  av_inherit_color '  style='color:#ffffff; '  itemprop=\"text\" ><p>La surveillance s&rsquo;effectue via un ensemble de sessions en face-\u00e0-face, intercal\u00e9es par d&rsquo;autres personnes utilisant la vid\u00e9oconf\u00e9rence (Skype) ou similaire.<\/p>\n<p>Certaines des actions d\u2019optimisation sont effectu\u00e9es dans nos installations.<\/p>\n<\/div><\/section><br \/>\n<div class=\"flex_column av_one_full  flex_column_div av-zero-column-padding first  \" style='border-radius:0px; '><div class='avia-button-wrap avia-button-center  '><a href='https:\/\/saude-escudeiro.pt\/fr\/contacts\/'  class='avia-button av-icon-on-hover  avia-icon_select-no avia-color-custom avia-size-medium avia-position-center '  style='background-color:#fcfcfc; border-color:#fcfcfc; color:#157ab9; ' ><span class='avia_iconbox_title' >marque de consultation<\/span><\/a><\/div><\/div><\/p>\n<\/div><\/div><\/div><\/div><\/div><\/div><!-- close content main div --><\/div><\/div><div id='protocoles-d-optimisation-specifiques' class='av-layout-grid-container entry-content-wrapper main_color av-flex-cells     container_wrap sidebar_right'   >\n<div class=\"flex_cell no_margin av_one_half   avia-full-stretch \" style='height:500px; min-height:500px;vertical-align:middle; padding:80px; '><div class='flex_cell_inner' ><p><div style='padding-bottom:25px; color:#000000;font-size:34px;' class='av-special-heading av-special-heading-h3 custom-color-heading blockquote modern-quote modern-centered   av-inherit-size '><h3 class='av-special-heading-tag '  itemprop=\"headline\"  >Protocoles d\u2019optimisation sp\u00e9cifiques<\/h3><div class='special-heading-border'><div class='special-heading-inner-border' style='border-color:#000000'><\/div><\/div><\/div><br \/>\n<section class=\"av_textblock_section \"  itemscope=\"itemscope\" itemtype=\"https:\/\/schema.org\/CreativeWork\" ><div class='avia_textblock  av_inherit_color '  style='color:#7e7e7e; '  itemprop=\"text\" ><p>Cette modalit\u00e9 permet d&rsquo;acc\u00e9der \u00e0 un vaste ensemble de protocoles d\u00e9velopp\u00e9s sp\u00e9cifiquement pour r\u00e9soudre des probl\u00e8mes communs de sant\u00e9, de performance et de vitalit\u00e9, auxquels les personnes sont r\u00e9guli\u00e8rement confront\u00e9es.<\/p>\n<\/div><\/section><br \/>\n<div class=\"flex_column av_one_full  flex_column_div av-zero-column-padding first  \" style='border-radius:0px; '><div class='avia-button-wrap avia-button-center  '><a href='https:\/\/saude-escudeiro.pt\/fr\/protocoles\/'  class='avia-button   avia-icon_select-no avia-color-custom avia-size-medium avia-position-center '  style='background-color:#157ab9; border-color:#157ab9; color:#ffffff; ' ><span class='avia_iconbox_title' >Liste des protocoles<\/span><\/a><\/div><\/div><\/p>\n<\/div><\/div><div class=\"flex_cell no_margin av_one_half    av-hide-on-mobile  \" style='height:500px; min-height:500px;background:url(https:\/\/saude-escudeiro.pt\/wp-content\/uploads\/2018\/11\/apoio-personalizado.jpg) top center no-repeat scroll; vertical-align:middle; padding:80px; '><div class='flex_cell_inner' ><\/div><\/div><\/div><\/div><\/div><\/div><!-- close content main div --><\/div><\/div><div id='protocoles-d-optimisation-exclusifs' class='av-layout-grid-container entry-content-wrapper main_color av-flex-cells   av-small-hide av-mini-hide   container_wrap sidebar_right'   >\n<div class=\"flex_cell no_margin av_one_half   avia-full-stretch \" style='height:500px; min-height:500px;background:url(https:\/\/saude-escudeiro.pt\/wp-content\/uploads\/2018\/10\/protocolos_de_optimizacao-300x171.jpg) top center no-repeat scroll; vertical-align:middle; padding:80px; '><div class='flex_cell_inner' ><\/div><\/div><div class=\"flex_cell no_margin av_one_half   \" style='height:500px; min-height:500px;background: #22689e; vertical-align:middle; padding:80px; background-color:#22689e; '><div class='flex_cell_inner' ><p><div style='padding-bottom:25px; color:#ffffff;font-size:34px;' class='av-special-heading av-special-heading-h3 custom-color-heading blockquote modern-quote modern-centered   av-inherit-size '><h3 class='av-special-heading-tag '  itemprop=\"headline\"  >Protocoles d\u2019optimisation exclusifs<\/h3><div class='special-heading-border'><div class='special-heading-inner-border' style='border-color:#ffffff'><\/div><\/div><\/div><br \/>\n<section class=\"av_textblock_section \"  itemscope=\"itemscope\" itemtype=\"https:\/\/schema.org\/CreativeWork\" ><div class='avia_textblock  av_inherit_color '  style='color:#ffffff; '  itemprop=\"text\" ><p>Le mode de protocole exclusif est un service qui permet aux clients d\u2019acqu\u00e9rir un protocole d\u2019optimisation qui sera cr\u00e9\u00e9 sp\u00e9cifiquement \u00e0 la demande de ceux-ci, afin de r\u00e9soudre une situation souhait\u00e9e.<\/p>\n<\/div><\/section><br \/>\n<div class=\"flex_column av_one_full  flex_column_div av-zero-column-padding first  \" style='border-radius:0px; '><div class='avia-button-wrap avia-button-center  '><a href='https:\/\/saude-escudeiro.pt\/fr\/contacts\/'  class='avia-button av-icon-on-hover  avia-icon_select-no avia-color-custom avia-size-medium avia-position-center '  style='background-color:#ffffff; border-color:#ffffff; color:#157ab9; ' ><span class='avia_iconbox_title' >marque de consultation<\/span><\/a><\/div><\/div><\/p>\n<\/div><\/div><\/div><\/div><\/div><\/div><!-- close content main div --><\/div><\/div><div id='optimisation-dans-les-ecoles' class='av-layout-grid-container entry-content-wrapper main_color av-flex-cells   av-small-hide av-mini-hide   container_wrap sidebar_right'   >\n<div class=\"flex_cell no_margin av_one_half   avia-full-stretch \" style='height:500px; min-height:500px;vertical-align:middle; padding:80px; '><div class='flex_cell_inner' ><p><div style='padding-bottom:25px; color:#000000;font-size:34px;' class='av-special-heading av-special-heading-h3 custom-color-heading blockquote modern-quote modern-centered   av-inherit-size '><h3 class='av-special-heading-tag '  itemprop=\"headline\"  >Optimisation dans les \u00e9coles<\/h3><div class='special-heading-border'><div class='special-heading-inner-border' style='border-color:#000000'><\/div><\/div><\/div><br \/>\n<section class=\"av_textblock_section \"  itemscope=\"itemscope\" itemtype=\"https:\/\/schema.org\/CreativeWork\" ><div class='avia_textblock  av_inherit_color '  style='color:#7e7e7e; '  itemprop=\"text\" ><p>Le projet \u00abCultiver avec la sant\u00e9, la performance et la vitalit\u00e9\u00bb vise \u00e0 aider les \u00e9coles \u00e0 \u00e9tablir les piliers structurants sur lesquels b\u00e2tir un comportement social appropri\u00e9, une stabilit\u00e9 \u00e9motionnelle et les capacit\u00e9s d&rsquo;ex\u00e9cution n\u00e9cessaires \u00e0 la croissance.<\/p>\n<p>Ces piliers reposent sur la cr\u00e9ation d\u2019un \u00e9tat physiologique interne permettant d\u2019optimiser la croissance, le d\u00e9veloppement et l\u2019apprentissage des enfants et des adolescents.<\/p>\n<p>L&rsquo;intervention de Health Squire comporte deux niveaux. Le premier vise les professionnels de l\u2019enseignement et les acteurs du processus scolaire, ainsi que les parents et les \u00e9ducateurs. Le deuxi\u00e8me niveau concerne directement les enfants et les adolescents.<\/p>\n<\/div><\/section><br \/>\n<div class=\"flex_column av_one_full  flex_column_div av-zero-column-padding first  \" style='border-radius:0px; '><div class='avia-button-wrap avia-button-center  '><a href='https:\/\/saude-escudeiro.pt\/fr\/contacts\/'  class='avia-button   avia-icon_select-no avia-color-custom avia-size-medium avia-position-center '  style='background-color:#157ab9; border-color:#157ab9; color:#ffffff; ' ><span class='avia_iconbox_title' >En savoir plus<\/span><\/a><\/div><\/div><\/p>\n<\/div><\/div><div class=\"flex_cell no_margin av_one_half   avia-full-stretch \" style='height:500px; min-height:500px;background:url(https:\/\/saude-escudeiro.pt\/wp-content\/uploads\/2018\/10\/optimizacao_em_escolas.jpg) top center no-repeat scroll; vertical-align:middle; padding:80px; '><div class='flex_cell_inner' ><\/div><\/div><\/div><\/div><\/div><\/div><!-- close content main div --><\/div><\/div><div id='optimisation-des-professionnels-de-l-activite-physique' class='av-layout-grid-container entry-content-wrapper main_color av-flex-cells   av-small-hide av-mini-hide   container_wrap sidebar_right'   >\n<div class=\"flex_cell no_margin av_one_half    avia-full-stretch \" style='height:500px; min-height:500px;background:url(https:\/\/saude-escudeiro.pt\/wp-content\/uploads\/2018\/08\/op14-1020x430.jpg) center center no-repeat scroll; vertical-align:middle; padding:80px; '><div class='flex_cell_inner' ><\/div><\/div><div class=\"flex_cell no_margin av_one_half   \" style='height:500px; min-height:500px;background: #22689e; vertical-align:middle; padding:80px; background-color:#22689e; '><div class='flex_cell_inner' ><p><div style='padding-bottom:25px; color:#ffffff;font-size:34px;' class='av-special-heading av-special-heading-h3 custom-color-heading blockquote modern-quote modern-centered   av-inherit-size '><h3 class='av-special-heading-tag '  itemprop=\"headline\"  >Optimisation pour les professionnels de l\u2019activit\u00e9 physique<\/h3><div class='special-heading-border'><div class='special-heading-inner-border' style='border-color:#ffffff'><\/div><\/div><\/div><br \/>\n<section class=\"av_textblock_section \"  itemscope=\"itemscope\" itemtype=\"https:\/\/schema.org\/CreativeWork\" ><div class='avia_textblock  av_inherit_color '  style='color:#ffffff; '  itemprop=\"text\" ><p>Sa\u00fade Escudeiro soutient les professionnels de l&rsquo;activit\u00e9 physique qui souhaitent aider leurs clients \u00e0 vivre de mani\u00e8re optimis\u00e9e pour leur sant\u00e9, leur performance et leur vitalit\u00e9 en favorisant un mode de vie et des actions menant \u00e0 la r\u00e9gulation physiologique n\u00e9cessaire.<\/p>\n<p>Un processus d&rsquo;\u00e9valuation de l&rsquo;\u00e9tat physiologique permet d&rsquo;extraire les donn\u00e9es physiologiques essentielles pour \u00e9laborer des plans d&rsquo;entra\u00eenement plus efficaces. Des directives sp\u00e9cifiques suppl\u00e9mentaires sont \u00e9galement fournies pour permettre au praticien d\u2019amplifier les effets b\u00e9n\u00e9fiques de l\u2019activit\u00e9 physique et d\u2019autres pratiques pouvant \u00eatre incluses dans la formation. La collaboration aborde \u00e9galement la r\u00e9solution de probl\u00e8mes cliniques qui limitent parfois le potentiel des clients en mati\u00e8re d&rsquo;activit\u00e9 physique.<\/p>\n<\/div><\/section><br \/>\n<div class=\"flex_column av_one_full  flex_column_div av-zero-column-padding first  \" style='border-radius:0px; '><div class='avia-button-wrap avia-button-center  '><a href='https:\/\/saude-escudeiro.pt\/fr\/contacts\/'  class='avia-button   avia-icon_select-no avia-color-custom avia-size-medium avia-position-center '  style='background-color:#ffffff; border-color:#ffffff; color:#157ab9; ' ><span class='avia_iconbox_title' >En savoir plus<\/span><\/a><\/div><\/div><\/p>\n<\/div><\/div>\n<\/div><\/p>\n<\/div><\/div><\/div><!-- close content main div --><\/div><\/div><div id='optimisation-pour-les-cliniques' class='av-layout-grid-container entry-content-wrapper main_color av-flex-cells     container_wrap sidebar_right'   >\n<div class=\"flex_cell no_margin av_one_half   avia-full-stretch \" style='height:500px; min-height:500px;vertical-align:middle; padding:80px; '><div class='flex_cell_inner' ><p><div style='padding-bottom:25px; color:#000000;font-size:34px;' class='av-special-heading av-special-heading-h3 custom-color-heading blockquote modern-quote modern-centered   av-inherit-size '><h3 class='av-special-heading-tag '  itemprop=\"headline\"  >Optimisation pour les Cliniques<\/h3><div class='special-heading-border'><div class='special-heading-inner-border' style='border-color:#000000'><\/div><\/div><\/div><br \/>\n<section class=\"av_textblock_section \"  itemscope=\"itemscope\" itemtype=\"https:\/\/schema.org\/CreativeWork\" ><div class='avia_textblock  av_inherit_color '  style='color:#7e7e7e; '  itemprop=\"text\" ><p>Sa\u00fade Escudeiro fournit un service aux cliniciens sous diff\u00e9rents angles et paradigmes, allant de la m\u00e9decine aux th\u00e9rapies non conventionnelles, en passant par les th\u00e9rapies compl\u00e9mentaires telles que le massage, le Reiki, etc.<\/p>\n<p>Ce service accompagne le clinicien dans son processus d&rsquo;\u00e9valuation et th\u00e9rapeutique en compl\u00e9tant son intervention par des donn\u00e9es extraites de notre processus d&rsquo;\u00e9valuation physiologique qui approfondissent les moyens \u00e0 sa disposition pour aider les utilisateurs.<\/p>\n<p>Des directives sp\u00e9cifiques suppl\u00e9mentaires sont \u00e9galement fournies, qui permettent au clinicien d\u2019amplifier les effets b\u00e9n\u00e9fiques de son intervention th\u00e9rapeutique.<\/p>\n<p>La collaboration couvre \u00e9galement la r\u00e9solution des probl\u00e8mes cliniques de ses utilisateurs qui laissent parfois les limites professionnelles ou les domaines d\u2019int\u00e9r\u00eat du clinicien.<\/p>\n<\/div><\/section><br \/>\n<div class=\"flex_column av_one_full  flex_column_div av-zero-column-padding first  \" style='border-radius:0px; '><div class='avia-button-wrap avia-button-center  '><a href='https:\/\/saude-escudeiro.pt\/fr\/contacts\/'  class='avia-button   avia-icon_select-no avia-color-custom avia-size-medium avia-position-center '  style='background-color:#157ab9; border-color:#157ab9; color:#ffffff; ' ><span class='avia_iconbox_title' >En savoir plus<\/span><\/a><\/div><\/div><\/p>\n<\/div><\/div><div class=\"flex_cell no_margin av_one_half    avia-full-stretch av-hide-on-mobile  \" style='height:500px; min-height:500px;background:url(https:\/\/saude-escudeiro.pt\/wp-content\/uploads\/2018\/08\/op15-963x430.jpg) top left no-repeat scroll; vertical-align:middle; padding:80px; '><div class='flex_cell_inner' ><\/div><\/div>\n<\/div>\n<\/div><\/div><\/div><!-- close content main div --><\/div><\/div><div id='evenements-d-optimisation-institutionnelle' class='av-layout-grid-container entry-content-wrapper main_color av-flex-cells   av-small-hide av-mini-hide   container_wrap sidebar_right'   >\n<div class=\"flex_cell no_margin av_one_half   avia-full-stretch \" style='height:500px; min-height:500px;background:url(https:\/\/saude-escudeiro.pt\/wp-content\/uploads\/2018\/08\/op16-965x430.jpg) top center no-repeat scroll; vertical-align:middle; padding:80px; '><div class='flex_cell_inner' ><\/div><\/div><div class=\"flex_cell no_margin av_one_half   \" style='height:500px; min-height:500px;background: #22689e; vertical-align:middle; padding:80px; background-color:#22689e; '><div class='flex_cell_inner' ><p><div style='padding-bottom:25px; color:#ffffff;font-size:34px;' class='av-special-heading av-special-heading-h3 custom-color-heading blockquote modern-quote modern-centered   av-inherit-size '><h3 class='av-special-heading-tag '  itemprop=\"headline\"  >\u00c9v\u00e9nements d\u2019optimisation institutionnelle<\/h3><div class='special-heading-border'><div class='special-heading-inner-border' style='border-color:#ffffff'><\/div><\/div><\/div><br \/>\n<section class=\"av_textblock_section \"  itemscope=\"itemscope\" itemtype=\"https:\/\/schema.org\/CreativeWork\" ><div class='avia_textblock  av_inherit_color '  style='color:#ffffff; '  itemprop=\"text\" ><p>Le service d&rsquo;optimisation pour les institutions a deux aspects.<\/p>\n<p>L\u2019un se concentre sur l\u2019organisation d\u2019\u00e9v\u00e9nements exclusivement destin\u00e9s \u00e0 promouvoir, chez les participants, un \u00e9tat d\u2019optimisation physiologique.<\/p>\n<p>Le deuxi\u00e8me aspect est ax\u00e9 sur la cr\u00e9ation d\u2019optimisations lors d\u2019\u00e9v\u00e9nements qui, bien qu\u2019ils aient d\u2019autres objectifs nucl\u00e9aires, peuvent \u00eatre un compl\u00e9ment pertinent, par exemple, favoriser la productivit\u00e9 cognitive ou la r\u00e9duction du stress des participants.<\/p>\n<\/div><\/section><br \/>\n<div class=\"flex_column av_one_full  flex_column_div av-zero-column-padding first  \" style='border-radius:0px; '><div class='avia-button-wrap avia-button-center  '><a href='https:\/\/saude-escudeiro.pt\/fr\/contacts\/'  class='avia-button   avia-icon_select-no avia-color-custom avia-size-medium avia-position-center '  style='background-color:#ffffff; border-color:#ffffff; color:#157ab9; ' ><span class='avia_iconbox_title' >En savoir plus<\/span><\/a><\/div><\/div><\/p>\n<\/div><\/div>\n<\/div>\n<\/div><\/div><\/div><!-- close content main div --><\/div><\/div><div id='cours-optimisation-humaine-dynamique' class='av-layout-grid-container entry-content-wrapper main_color av-flex-cells     container_wrap sidebar_right'   >\n<div class=\"flex_cell no_margin av_one_half   avia-full-stretch \" style='height:500px; min-height:500px;vertical-align:middle; padding:80px; '><div class='flex_cell_inner' ><p><div style='padding-bottom:25px; color:#000000;font-size:34px;' class='av-special-heading av-special-heading-h3 custom-color-heading blockquote modern-quote modern-centered   av-inherit-size '><h3 class='av-special-heading-tag '  itemprop=\"headline\"  >Cours Optimisation Humaine Dynamique<\/h3><div class='special-heading-border'><div class='special-heading-inner-border' style='border-color:#000000'><\/div><\/div><\/div><br \/>\n<section class=\"av_textblock_section \"  itemscope=\"itemscope\" itemtype=\"https:\/\/schema.org\/CreativeWork\" ><div class='avia_textblock  av_inherit_color '  style='color:#7e7e7e; '  itemprop=\"text\" ><p>Ce cours vous apprend \u00e0 g\u00e9rer la vie selon les principes de l&rsquo;optimisation humaine, processus dynamique et continu tout au long de la vie. Le corps et le cerveau vont fluctuer dans leurs besoins au fil du temps, qu&rsquo;ils doivent identifier.<\/p>\n<p>De m\u00eame, les effets des modalit\u00e9s d\u2019activation physiologiques sur la personne doivent \u00eatre g\u00e9r\u00e9s, leur efficacit\u00e9 \u00e9tant \u00e9galement variable.<\/p>\n<p>En suivant les principes qui seront enseign\u00e9s et en adoptant les applications pratiques recommand\u00e9es, il sera possible de naviguer dans les circonstances et les d\u00e9fis qui caract\u00e9risent la vie de la personne, toujours dans un \u00e9tat optimis\u00e9.<\/p>\n<\/div><\/section><br \/>\n<div class=\"flex_column av_one_full  flex_column_div av-zero-column-padding first  \" style='border-radius:0px; '><div class='avia-button-wrap avia-button-center  '><a href='https:\/\/saude-escudeiro.pt\/fr\/contacts\/'  class='avia-button av-icon-on-hover  avia-icon_select-no avia-color-custom avia-size-medium avia-position-center '  style='background-color:#157ab9; border-color:#157ab9; color:#ffffff; ' ><span class='avia_iconbox_title' >marque de consultation<\/span><\/a><\/div><\/div><\/p>\n<\/div><\/div><div class=\"flex_cell no_margin av_one_half    av-hide-on-mobile  \" style='height:500px; min-height:500px;background:url(https:\/\/saude-escudeiro.pt\/wp-content\/uploads\/2018\/08\/op17-845x675.jpg) top left no-repeat scroll; vertical-align:middle; padding:80px; '><div class='flex_cell_inner' ><\/div><\/div>\n<\/div>\n","protected":false},"excerpt":{"rendered":"... <a href=\"https:\/\/saude-escudeiro.pt\/fr\/optimisation-humaine\/\">Continuar a ler<\/a>.","protected":false},"author":7,"featured_media":0,"parent":0,"menu_order":3,"comment_status":"closed","ping_status":"closed","template":"","meta":{"inline_featured_image":false,"footnotes":""},"class_list":["post-3893","page","type-page","status-publish","hentry"],"_links":{"self":[{"href":"https:\/\/saude-escudeiro.pt\/fr\/wp-json\/wp\/v2\/pages\/3893","targetHints":{"allow":["GET"]}}],"collection":[{"href":"https:\/\/saude-escudeiro.pt\/fr\/wp-json\/wp\/v2\/pages"}],"about":[{"href":"https:\/\/saude-escudeiro.pt\/fr\/wp-json\/wp\/v2\/types\/page"}],"author":[{"embeddable":true,"href":"https:\/\/saude-escudeiro.pt\/fr\/wp-json\/wp\/v2\/users\/7"}],"replies":[{"embeddable":true,"href":"https:\/\/saude-escudeiro.pt\/fr\/wp-json\/wp\/v2\/comments?post=3893"}],"version-history":[{"count":4,"href":"https:\/\/saude-escudeiro.pt\/fr\/wp-json\/wp\/v2\/pages\/3893\/revisions"}],"predecessor-version":[{"id":4435,"href":"https:\/\/saude-escudeiro.pt\/fr\/wp-json\/wp\/v2\/pages\/3893\/revisions\/4435"}],"wp:attachment":[{"href":"https:\/\/saude-escudeiro.pt\/fr\/wp-json\/wp\/v2\/media?parent=3893"}],"curies":[{"name":"wp","href":"https:\/\/api.w.org\/{rel}","templated":true}]}}