{"id":3916,"date":"2018-07-26T03:09:38","date_gmt":"2018-07-26T03:09:38","guid":{"rendered":"https:\/\/saude-escudeiro.pt\/servicos\/"},"modified":"2019-01-18T15:14:03","modified_gmt":"2019-01-18T15:14:03","slug":"services","status":"publish","type":"page","link":"https:\/\/saude-escudeiro.pt\/fr\/services\/","title":{"rendered":"Services"},"content":{"rendered":"<\/div><\/div><\/div><!-- close content main div --><\/div><\/div><div id='optimisation-humaine' class='av-layout-grid-container entry-content-wrapper main_color av-flex-cells   av-small-hide av-mini-hide   container_wrap sidebar_right'   >\n<div class=\"flex_cell no_margin av_one_half   avia-full-stretch \" style='height:500px; min-height:500px;background:url(https:\/\/saude-escudeiro.pt\/wp-content\/uploads\/2018\/10\/servicos_otimizacao_humana.jpg) top center no-repeat scroll #ffffff; vertical-align:middle; padding:80px; background-color:#ffffff; '><div class='flex_cell_inner' ><\/div><\/div><div class=\"flex_cell no_margin av_one_half   avia-full-stretch \" style='height:500px; min-height:500px;vertical-align:middle; padding:80px; '><div class='flex_cell_inner' ><p><div style='padding-bottom:25px; color:#262261;font-size:34px;' class='av-special-heading av-special-heading-h3 custom-color-heading blockquote modern-quote modern-centered   av-inherit-size '><h3 class='av-special-heading-tag '  itemprop=\"headline\"  >Optimisation Humaine<\/h3><div class='special-heading-border'><div class='special-heading-inner-border' style='border-color:#262261'><\/div><\/div><\/div><br \/>\n<section class=\"av_textblock_section \"  itemscope=\"itemscope\" itemtype=\"https:\/\/schema.org\/CreativeWork\" ><div class='avia_textblock  av_inherit_color '  style='color:#7e7e7e; '  itemprop=\"text\" ><p>Activez la meilleure version de vous-m\u00eame.<\/p>\n<p>Indiqu\u00e9 pour tous ceux qui ne sont pas satisfaits du fonctionnement de leur corps et de leur cerveau ou qui souhaitent am\u00e9liorer leurs performances physiques et mentales.<\/p>\n<p>L\u2019optimisation humaine est une approche clinique et scientifique qui vise \u00e0 amener la personne \u00e0 un niveau de fonctionnement organique optimal, en tirant pleinement parti des capacit\u00e9s physiologiques de l\u2019\u00eatre humain pour g\u00e9n\u00e9rer de la sant\u00e9, atteindre un niveau de performance physique et psychologique \u00e9lev\u00e9 et mener une vie pleine de vitalit\u00e9.<\/p>\n<p>En utilisant un ensemble de strat\u00e9gies, de m\u00e9thodologies et d\u2019outils, il est possible de changer la fa\u00e7on dont chaque personne travaille et de l\u2019aider \u00e0 exprimer son potentiel maximal.<\/p>\n<\/div><\/section><br \/>\n<div class='avia-button-wrap avia-button-center  '><a href='https:\/\/saude-escudeiro.pt\/fr\/optimisation-humaine\/#concept'  class='avia-button   avia-icon_select-no avia-color-custom avia-size-medium avia-position-center '  style='background-color:#157ab9; border-color:#157ab9; color:#ffffff; ' ><span class='avia_iconbox_title' >Savoir plus<\/span><\/a><\/div><\/p>\n<\/div><\/div><\/div><\/div><\/div><\/div><!-- close content main div --><\/div><\/div><div id='osteopathie' class='av-layout-grid-container entry-content-wrapper main_color av-flex-cells   av-small-hide av-mini-hide   container_wrap sidebar_right'   >\n<div class=\"flex_cell no_margin av_one_half   \" style='height:500px; min-height:500px;background: #ffffff; vertical-align:middle; padding:80px; background-color:#ffffff; '><div class='flex_cell_inner' ><p><div style='padding-bottom:25px; color:#262261;font-size:34px;' class='av-special-heading av-special-heading-h3 custom-color-heading blockquote modern-quote modern-centered   av-inherit-size '><h3 class='av-special-heading-tag '  itemprop=\"headline\"  >L\u2019ost\u00e9opathie<\/h3><div class='special-heading-border'><div class='special-heading-inner-border' style='border-color:#262261'><\/div><\/div><\/div><br \/>\n<section class=\"av_textblock_section \"  itemscope=\"itemscope\" itemtype=\"https:\/\/schema.org\/CreativeWork\" ><div class='avia_textblock  av_inherit_color '  style='color:#7e7e7e; '  itemprop=\"text\" ><p>La science et l&rsquo;art de r\u00e9\u00e9quilibrer le corps.<\/p>\n<p>L&rsquo;ost\u00e9opathie reconna\u00eet que notre corps a la capacit\u00e9 de s&rsquo;auto-r\u00e9tablir. En pr\u00e9sence d&rsquo;un dysfonctionnement, la r\u00e9action du corps est d&rsquo;initier un processus de traitement spontan\u00e9, qui ne d\u00e9pend pas de la volont\u00e9 ou de la conscience de la personne. L&rsquo;ost\u00e9opathe amplifie, stimule et facilite l&rsquo;action de ces processus, renfor\u00e7ant ainsi le pouvoir auto-th\u00e9rapeutique du corps de mani\u00e8re naturelle, efficace et b\u00e9n\u00e9fique.<\/p>\n<p>Cette approche manuelle peut \u00eatre appliqu\u00e9e dans un grand nombre de situations impliquant le syst\u00e8me musculaire, articulaire, neurologique, entre autres.<\/p>\n<p>L&rsquo;application rigoureuse des connaissances scientifiques en anatomie et en physiologie fait de l&rsquo;ost\u00e9opathie une science. Mais l&rsquo;application r\u00e9ussie d&rsquo;une s\u00e9rie de principes ost\u00e9opathiques qui d\u00e9pendent de l&rsquo;exp\u00e9rience et de la sensibilit\u00e9 de l&rsquo;ost\u00e9opathe en fait \u00e9galement un art.<\/p>\n<p>Quelle que soit la cause de la maladie, l&rsquo;ost\u00e9opathie peut toujours \u00eatre utile!<\/p>\n<\/div><\/section><br \/>\n<div class='avia-button-wrap avia-button-center  '><a href='https:\/\/saude-escudeiro.pt\/fr\/contacts\/'  class='avia-button   avia-icon_select-no avia-color-custom avia-size-medium avia-position-center '  style='background-color:#157ab9; border-color:#157ab9; color:#ffffff; ' ><span class='avia_iconbox_title' >Marcar consulta<\/span><\/a><\/div><\/p>\n<\/div><\/div><div class=\"flex_cell no_margin av_one_half   avia-full-stretch av-zero-padding \" style='height:500px; min-height:500px;background:url(https:\/\/saude-escudeiro.pt\/wp-content\/uploads\/2018\/10\/protocolos_de_optimizacao_osteopatia.jpg) top center no-repeat scroll; vertical-align:middle; padding:0px; '><div class='flex_cell_inner' ><\/div><\/div><\/div><\/div><\/div><\/div><!-- close content main div --><\/div><\/div><div id='physiotherapie' class='av-layout-grid-container entry-content-wrapper main_color av-flex-cells   av-small-hide av-mini-hide   container_wrap sidebar_right'   >\n<div class=\"flex_cell no_margin av_one_half   avia-full-stretch \" style='height:500px; min-height:500px;background:url(https:\/\/saude-escudeiro.pt\/wp-content\/uploads\/2018\/07\/servicos3-845x505.jpg) top center no-repeat scroll #ffffff; vertical-align:middle; padding:80px; background-color:#ffffff; '><div class='flex_cell_inner' ><\/div><\/div><div class=\"flex_cell no_margin av_one_half   avia-full-stretch \" style='height:500px; min-height:500px;vertical-align:middle; padding:80px; '><div class='flex_cell_inner' ><p><div style='padding-bottom:25px; color:#262261;font-size:34px;' class='av-special-heading av-special-heading-h3 custom-color-heading blockquote modern-quote modern-centered   av-inherit-size '><h3 class='av-special-heading-tag '  itemprop=\"headline\"  >Physioth\u00e9rapie<\/h3><div class='special-heading-border'><div class='special-heading-inner-border' style='border-color:#262261'><\/div><\/div><\/div><br \/>\n<section class=\"av_textblock_section \"  itemscope=\"itemscope\" itemtype=\"https:\/\/schema.org\/CreativeWork\" ><div class='avia_textblock  av_inherit_color '  style='color:#7e7e7e; '  itemprop=\"text\" ><p>Il est essentiel de r\u00e9cup\u00e9rer le mouvement.<\/p>\n<p>Le mouvement fonctionnel est une manifestation ext\u00e9rieure de la sant\u00e9. Le vieillissement, les blessures, les maladies ou les facteurs environnementaux compromettent parfois le mouvement et la fonction. C\u2019est l\u00e0 que la physioth\u00e9rapie travaille pour d\u00e9velopper, maintenir et r\u00e9tablir la capacit\u00e9 fonctionnelle et le maximum de mouvements possibles.<\/p>\n<p>Comme la physioth\u00e9rapie utilise des moyens th\u00e9rapeutiques centr\u00e9s sur des agents physiques, tels que la chaleur ou l\u2019\u00e9lectroth\u00e9rapie, elle permet d\u2019agir dans un vaste ensemble de conditions cliniques pertinentes dans lesquelles le traitement par le mouvement est contre-indiqu\u00e9.<\/p>\n<p>C&rsquo;est \u00e9galement le domaine par excellence des traitements des maladies d\u00e9j\u00e0 diagnostiqu\u00e9es, orthop\u00e9diques, rhumatismales, cardiorespiratoires ou neurologiques. Il convient \u00e9galement de noter les recouvrements postop\u00e9ratoires.<\/p>\n<\/div><\/section><br \/>\n<div class='avia-button-wrap avia-button-center  '><a href='https:\/\/saude-escudeiro.pt\/fr\/contacts\/'  class='avia-button   avia-icon_select-no avia-color-custom avia-size-medium avia-position-center '  style='background-color:#157ab9; border-color:#157ab9; color:#ffffff; ' ><span class='avia_iconbox_title' >Marcar consulta<\/span><\/a><\/div><\/p>\n<\/div><\/div><\/div><\/div><\/div><\/div><!-- close content main div --><\/div><\/div><div id='reeducation-posturale-mondiale' class='av-layout-grid-container entry-content-wrapper main_color av-flex-cells   av-small-hide av-mini-hide   container_wrap sidebar_right'   >\n<div class=\"flex_cell no_margin av_one_half   \" style='height:500px; min-height:500px;background: #ffffff; vertical-align:middle; padding:80px; background-color:#ffffff; '><div class='flex_cell_inner' ><p><div style='padding-bottom:25px; color:#262261;font-size:34px;' class='av-special-heading av-special-heading-h3 custom-color-heading blockquote modern-quote modern-centered   av-inherit-size '><h3 class='av-special-heading-tag '  itemprop=\"headline\"  >R\u00e9\u00e9ducation posturale globale<\/h3><div class='special-heading-border'><div class='special-heading-inner-border' style='border-color:#262261'><\/div><\/div><\/div><br \/>\n<section class=\"av_textblock_section \"  itemscope=\"itemscope\" itemtype=\"https:\/\/schema.org\/CreativeWork\" ><div class='avia_textblock  av_inherit_color '  style='color:#7e7e7e; '  itemprop=\"text\" ><p>Red\u00e9couvrir la sym\u00e9trie.<\/p>\n<p>La r\u00e9\u00e9ducation globale de la posture est une m\u00e9thode de traitement manuelle qui vise \u00e0 corriger les changements de posture et les asym\u00e9tries musculaires, en normalisant les tensions musculo-squelettiques responsables de ces asym\u00e9tries et de la douleur qui les accompagne.<\/p>\n<p>L&rsquo;alignement postural procure au corps une sensation de bien-\u00eatre sans pareil, car il r\u00e9duit le fardeau d&rsquo;un corps qui lutte toujours contre la gravit\u00e9.<\/p>\n<\/div><\/section><br \/>\n<div class='avia-button-wrap avia-button-center  '><a href='https:\/\/saude-escudeiro.pt\/fr\/contacts\/'  class='avia-button   avia-icon_select-no avia-color-custom avia-size-medium avia-position-center '  style='background-color:#157ab9; border-color:#157ab9; color:#ffffff; ' ><span class='avia_iconbox_title' >Prendre rendez-vous<\/span><\/a><\/div><\/p>\n<\/div><\/div><div class=\"flex_cell no_margin av_one_half   avia-full-stretch av-zero-padding \" style='height:500px; min-height:500px;background:url(https:\/\/saude-escudeiro.pt\/wp-content\/uploads\/2018\/10\/reeducacao_postural_global.jpg) top center no-repeat scroll; vertical-align:middle; padding:0px; '><div class='flex_cell_inner' ><\/div><\/div><\/div><\/div><\/div><\/div><!-- close content main div --><\/div><\/div><div id='grossesse-et-apres-l-allaitement' class='av-layout-grid-container entry-content-wrapper main_color av-flex-cells   av-small-hide av-mini-hide   container_wrap sidebar_right'   >\n<div class=\"flex_cell no_margin av_one_half   avia-full-stretch \" style='height:500px; min-height:500px;background:url(https:\/\/saude-escudeiro.pt\/wp-content\/uploads\/2018\/07\/servicos5-845x640.jpg) top center no-repeat scroll #ffffff; vertical-align:middle; padding:80px; background-color:#ffffff; '><div class='flex_cell_inner' ><\/div><\/div><div class=\"flex_cell no_margin av_one_half   avia-full-stretch \" style='height:500px; min-height:500px;vertical-align:middle; padding:80px; '><div class='flex_cell_inner' ><p><div style='padding-bottom:5px; color:#262261;font-size:34px;' class='av-special-heading av-special-heading-h3 custom-color-heading blockquote modern-quote   av-inherit-size '><h3 class='av-special-heading-tag '  itemprop=\"headline\"  >Grossesse et post-partum<\/h3><div class='special-heading-border'><div class='special-heading-inner-border' style='border-color:#262261'><\/div><\/div><\/div><br \/>\n<section class=\"av_textblock_section \"  itemscope=\"itemscope\" itemtype=\"https:\/\/schema.org\/CreativeWork\" ><div class='avia_textblock  av_inherit_color '  style='color:#7e7e7e; '  itemprop=\"text\" ><p style=\"text-align: left;\">Chaque femme est unique \u00e0 la fois lors de la grossesse et de la convalescence apr\u00e8s sa naissance!<\/p>\n<\/div><\/section><br \/>\n<div style='height:20px' class='hr hr-invisible  '><span class='hr-inner ' ><span class='hr-inner-style'><\/span><\/span><\/div><br \/>\n<div class='avia-button-wrap avia-button-left  '><a href='http:\/\/teresagarciaescudeiro.pt\/'  class='avia-button   avia-icon_select-no avia-color-custom avia-size-medium avia-position-left '  target=\"_blank\"  style='background-color:#157ab9; border-color:#157ab9; color:#ffffff; ' ><span class='avia_iconbox_title' >Savoir plus<\/span><\/a><\/div><br \/>\n<div class='avia-button-wrap avia-button-left  newstyle'><a href='https:\/\/saude-escudeiro.pt\/fr\/contacts\/'  class='avia-button av-icon-on-hover  avia-icon_select-no avia-color-custom avia-size-medium avia-position-left '  style='background-color:#fcfcfc; border-color:#fcfcfc; color:#157ab9; ' ><span class='avia_iconbox_title' >Prendre rendez-vous<\/span><\/a><\/div><\/p>\n<\/div><\/div><\/div><\/div><\/div><\/div><!-- close content main div --><\/div><\/div><div id='physiotherapie-pediatrique' class='av-layout-grid-container entry-content-wrapper main_color av-flex-cells   av-small-hide av-mini-hide   container_wrap sidebar_right'   >\n<div class=\"flex_cell no_margin av_one_half   \" style='height:500px; min-height:500px;background: #ffffff; vertical-align:middle; padding:80px; background-color:#ffffff; '><div class='flex_cell_inner' ><p><div style='padding-bottom:5px; color:#262261;font-size:34px;' class='av-special-heading av-special-heading-h3 custom-color-heading blockquote modern-quote   av-inherit-size '><h3 class='av-special-heading-tag '  itemprop=\"headline\"  >Physioth\u00e9rapie p\u00e9diatrique<\/h3><div class='special-heading-border'><div class='special-heading-inner-border' style='border-color:#262261'><\/div><\/div><\/div><br \/>\n<section class=\"av_textblock_section \"  itemscope=\"itemscope\" itemtype=\"https:\/\/schema.org\/CreativeWork\" ><div class='avia_textblock  av_inherit_color '  style='color:#7e7e7e; '  itemprop=\"text\" ><p style=\"text-align: left;\">Nous sommes sp\u00e9cialis\u00e9s dans les traitements pour les nourrissons, les enfants et les adolescents.<\/p>\n<\/div><\/section><br \/>\n<div style='height:20px' class='hr hr-invisible  '><span class='hr-inner ' ><span class='hr-inner-style'><\/span><\/span><\/div><br \/>\n<div class='avia-button-wrap avia-button-left  '><a href='http:\/\/teresagarciaescudeiro.pt\/'  class='avia-button   avia-icon_select-no avia-color-custom avia-size-medium avia-position-left '  target=\"_blank\"  style='background-color:#157ab9; border-color:#157ab9; color:#ffffff; ' ><span class='avia_iconbox_title' >Savoir plus<\/span><\/a><\/div><br \/>\n<div class='avia-button-wrap avia-button-left  newstyle'><a href='https:\/\/saude-escudeiro.pt\/fr\/contacts\/'  class='avia-button av-icon-on-hover  avia-icon_select-no avia-color-custom avia-size-medium avia-position-left '  style='background-color:#fcfcfc; border-color:#fcfcfc; color:#157ab9; ' ><span class='avia_iconbox_title' >Prendre rendez-vous<\/span><\/a><\/div><\/p>\n<\/div><\/div><div class=\"flex_cell no_margin av_one_half   avia-full-stretch av-zero-padding \" style='height:500px; min-height:500px;background:url(https:\/\/saude-escudeiro.pt\/wp-content\/uploads\/2018\/10\/fisioterapia_pediatrica.jpg) top center no-repeat scroll; vertical-align:middle; padding:0px; '><div class='flex_cell_inner' ><\/div><\/div><\/div><\/div><\/div><\/div><!-- close content main div --><\/div><\/div><div id='osteopathie-pediatrique' class='av-layout-grid-container entry-content-wrapper main_color av-flex-cells   av-small-hide av-mini-hide   container_wrap sidebar_right'   >\n<div class=\"flex_cell no_margin av_one_half    avia-full-stretch \" style='height:600px; min-height:600px;background:url(https:\/\/saude-escudeiro.pt\/wp-content\/uploads\/2018\/07\/servicos7-845x684.jpg) top center no-repeat scroll #ffffff; vertical-align:middle; padding:80px; background-color:#ffffff; '><div class='flex_cell_inner' ><\/div><\/div><div class=\"flex_cell no_margin av_one_half   avia-full-stretch \" style='height:600px; min-height:600px;vertical-align:middle; padding:80px; '><div class='flex_cell_inner' ><p><div style='padding-bottom:5px; color:#262261;font-size:34px;' class='av-special-heading av-special-heading-h3 custom-color-heading blockquote modern-quote   av-inherit-size '><h3 class='av-special-heading-tag '  itemprop=\"headline\"  >Ost\u00e9opathie P\u00e9diatrique<\/h3><div class='special-heading-border'><div class='special-heading-inner-border' style='border-color:#262261'><\/div><\/div><\/div><br \/>\n<section class=\"av_textblock_section \"  itemscope=\"itemscope\" itemtype=\"https:\/\/schema.org\/CreativeWork\" ><div class='avia_textblock  av_inherit_color '  style='color:#7e7e7e; '  itemprop=\"text\" ><p style=\"text-align: left;\">Nous sommes sp\u00e9cialis\u00e9s dans les traitements pour les nourrissons, les enfants et les adolescents.<\/p>\n<\/div><\/section><br \/>\n<div style='height:20px' class='hr hr-invisible  '><span class='hr-inner ' ><span class='hr-inner-style'><\/span><\/span><\/div><br \/>\n<div class='avia-button-wrap avia-button-left  '><a href='http:\/\/teresagarciaescudeiro.pt\/'  class='avia-button   avia-icon_select-no avia-color-custom avia-size-medium avia-position-left '  target=\"_blank\"  style='background-color:#157ab9; border-color:#157ab9; color:#ffffff; ' ><span class='avia_iconbox_title' >Savoir plus<\/span><\/a><\/div><br \/>\n<div class='avia-button-wrap avia-button-left  newstyle'><a href='https:\/\/saude-escudeiro.pt\/fr\/contacts\/'  class='avia-button av-icon-on-hover  avia-icon_select-no avia-color-custom avia-size-medium avia-position-left '  style='background-color:#fcfcfc; border-color:#fcfcfc; color:#157ab9; ' ><span class='avia_iconbox_title' >Prendre rendez-vous<\/span><\/a><\/div><\/p>\n<\/div><\/div><\/div><div class='avia-button-wrap avia-button-center  '><a href='https:\/\/saude-escudeiro.pt\/fr\/contacts\/' class='avia-button avia-button-fullwidth  av-icon-on-hover avia-icon_select-yes-right-icon avia-color-custom '  style='color:#ffffff; background-color:#307ecc;  ' ><span class='avia_iconbox_title' >V\u00e9rifiez votre rendez-vous ou votre traitement maintenant. Contactez nous!<\/span><span class='avia_button_icon avia_button_icon_right' aria-hidden='true' data-av_icon='\ue805' data-av_iconfont='entypo-fontello'><\/span><span class='avia_button_background avia-button avia-button-fullwidth avia-color-custom' style='background-color:#97d700; '><\/span><\/a><\/div><\/p>\n","protected":false},"excerpt":{"rendered":"... <a href=\"https:\/\/saude-escudeiro.pt\/fr\/services\/\">Continuar a ler<\/a>.","protected":false},"author":7,"featured_media":0,"parent":0,"menu_order":4,"comment_status":"closed","ping_status":"closed","template":"","meta":{"inline_featured_image":false,"footnotes":""},"class_list":["post-3916","page","type-page","status-publish","hentry"],"_links":{"self":[{"href":"https:\/\/saude-escudeiro.pt\/fr\/wp-json\/wp\/v2\/pages\/3916","targetHints":{"allow":["GET"]}}],"collection":[{"href":"https:\/\/saude-escudeiro.pt\/fr\/wp-json\/wp\/v2\/pages"}],"about":[{"href":"https:\/\/saude-escudeiro.pt\/fr\/wp-json\/wp\/v2\/types\/page"}],"author":[{"embeddable":true,"href":"https:\/\/saude-escudeiro.pt\/fr\/wp-json\/wp\/v2\/users\/7"}],"replies":[{"embeddable":true,"href":"https:\/\/saude-escudeiro.pt\/fr\/wp-json\/wp\/v2\/comments?post=3916"}],"version-history":[{"count":4,"href":"https:\/\/saude-escudeiro.pt\/fr\/wp-json\/wp\/v2\/pages\/3916\/revisions"}],"predecessor-version":[{"id":4437,"href":"https:\/\/saude-escudeiro.pt\/fr\/wp-json\/wp\/v2\/pages\/3916\/revisions\/4437"}],"wp:attachment":[{"href":"https:\/\/saude-escudeiro.pt\/fr\/wp-json\/wp\/v2\/media?parent=3916"}],"curies":[{"name":"wp","href":"https:\/\/api.w.org\/{rel}","templated":true}]}}