{"id":3934,"date":"2018-07-31T11:41:18","date_gmt":"2018-07-31T11:41:18","guid":{"rendered":"https:\/\/saude-escudeiro.pt\/parceiros\/"},"modified":"2019-01-18T12:49:12","modified_gmt":"2019-01-18T12:49:12","slug":"partenaires","status":"publish","type":"page","link":"https:\/\/saude-escudeiro.pt\/fr\/partenaires\/","title":{"rendered":"Partenaires"},"content":{"rendered":"<\/div><\/div><\/div><!-- close content main div --><\/div><\/div><div id='av-layout-grid-1' class='av-layout-grid-container entry-content-wrapper main_color av-flex-cells   av-small-hide av-mini-hide   container_wrap sidebar_right'   >\n<div class=\"flex_cell no_margin av_one_half   avia-full-stretch \" style='height:500px; min-height:500px;background:url(https:\/\/saude-escudeiro.pt\/wp-content\/uploads\/2018\/11\/parceiro_pedro_pacheco.jpg) top center no-repeat scroll #ffffff; vertical-align:middle; padding:80px; background-color:#ffffff; '><div class='flex_cell_inner' ><\/div><\/div><div class=\"flex_cell no_margin av_one_half   avia-full-stretch \" style='height:500px; min-height:500px;background: #f1f2f2; vertical-align:middle; padding:80px; background-color:#f1f2f2; '><div class='flex_cell_inner' ><p><div style='padding-bottom:25px; color:#262261;font-size:34px;' class='av-special-heading av-special-heading-h3 custom-color-heading blockquote modern-quote   av-inherit-size '><h3 class='av-special-heading-tag '  itemprop=\"headline\"  >Pedro Pacheco<\/h3><div class='special-heading-border'><div class='special-heading-inner-border' style='border-color:#262261'><\/div><\/div><\/div><br \/>\n<section class=\"av_textblock_section \"  itemscope=\"itemscope\" itemtype=\"https:\/\/schema.org\/CreativeWork\" ><div class='avia_textblock  av_inherit_color '  style='color:#7e7e7e; '  itemprop=\"text\" ><p>Pedro Pacheco consid\u00e8re l\u2019activit\u00e9 physique comme l\u2019une des composantes essentielles de la construction d\u2019une vie pleine de bien-\u00eatre.<\/p>\n<p>Votre approche commence par le bon mouvement, sain et adapt\u00e9 \u00e0 chaque individu. \u00c0 travers une personnalit\u00e9 enjou\u00e9e et empathique, il aide la personne \u00e0 mettre en \u0153uvre d&rsquo;autres strat\u00e9gies tout aussi pertinentes.<\/p>\n<p>Tel: (+351) 919 881 619<\/p>\n<p>Email: pedrompacheco74@gmail.com<\/p>\n<\/div><\/section><\/p>\n<\/div><\/div><\/div><\/div><\/div><\/div><!-- close content main div --><\/div><\/div><div id='av-layout-grid-2' class='av-layout-grid-container entry-content-wrapper main_color av-flex-cells   av-small-hide av-mini-hide   container_wrap sidebar_right'   >\n<div class=\"flex_cell no_margin av_one_half   avia-full-stretch \" style='height:500px; min-height:500px;background: #f1f2f2; vertical-align:middle; padding:80px; background-color:#f1f2f2; '><div class='flex_cell_inner' ><p><div style='padding-bottom:25px; color:#262261;font-size:34px;' class='av-special-heading av-special-heading-h3 custom-color-heading blockquote modern-quote   av-inherit-size '><h3 class='av-special-heading-tag '  itemprop=\"headline\"  >Neuza Alves<\/h3><div class='special-heading-border'><div class='special-heading-inner-border' style='border-color:#262261'><\/div><\/div><\/div><br \/>\n<section class=\"av_textblock_section \"  itemscope=\"itemscope\" itemtype=\"https:\/\/schema.org\/CreativeWork\" ><div class='avia_textblock  av_inherit_color '  style='color:#7e7e7e; '  itemprop=\"text\" ><p>Dans la recherche de meilleurs r\u00e9sultats, Neuza Alves a cr\u00e9\u00e9 Nomad Training, un concept qui d\u00e9passe l\u2019entra\u00eenement physique en raison de la pertinence accord\u00e9e au travail de l\u2019esprit.<\/p>\n<p>Au cours de s\u00e9ances individualis\u00e9es, essayez d\u2019aider chaque personne \u00e0 trouver l\u2019\u00e9quilibre \u00e0 son rythme.<\/p>\n<p>Site Web: <a href=\"http:\/\/www.treinonomada.com\"> www.treinonomada.com <\/a><\/p>\n<p>Facebook: \/ TrainingNomada<\/p>\n<p>Instagram: @treinonomada<\/p>\n<p>T\u00e9l: (+351) 919 077 850<\/p>\n<\/div><\/section><\/p>\n<\/div><\/div><div class=\"flex_cell no_margin av_one_half   \" style='height:500px; min-height:500px;background:url(https:\/\/saude-escudeiro.pt\/wp-content\/uploads\/2018\/10\/parceiros_neuza_alves_01.jpg) top left no-repeat scroll; vertical-align:top; padding:30px; '><div class='flex_cell_inner' ><\/div><\/div><\/div><\/div><\/div><\/div><!-- close content main div --><\/div><\/div><div id='av-layout-grid-3' class='av-layout-grid-container entry-content-wrapper main_color av-flex-cells   av-small-hide av-mini-hide   container_wrap sidebar_right'   >\n<div class=\"flex_cell no_margin av_one_half    avia-full-stretch av-zero-padding \" style='height:500px; min-height:500px;background:url(https:\/\/saude-escudeiro.pt\/wp-content\/uploads\/2018\/12\/Luis-Matos.jpg) top center no-repeat scroll #ffffff; vertical-align:middle; padding:0px; background-color:#ffffff; '><div class='flex_cell_inner' ><\/div><\/div><div class=\"flex_cell no_margin av_one_half   avia-full-stretch \" style='height:500px; min-height:500px;background: #f1f2f2; vertical-align:middle; padding:80px; background-color:#f1f2f2; '><div class='flex_cell_inner' ><p><div style='padding-bottom:25px; color:#262261;font-size:34px;' class='av-special-heading av-special-heading-h3 custom-color-heading blockquote modern-quote   av-inherit-size '><h3 class='av-special-heading-tag '  itemprop=\"headline\"  >Luis Matos <\/h3><div class='special-heading-border'><div class='special-heading-inner-border' style='border-color:#262261'><\/div><\/div><\/div><br \/>\n<section class=\"av_textblock_section \"  itemscope=\"itemscope\" itemtype=\"https:\/\/schema.org\/CreativeWork\" ><div class='avia_textblock  av_inherit_color '  style='color:#7e7e7e; '  itemprop=\"text\" ><p>Tr\u00e8s int\u00e9ress\u00e9 par le domaine de l&rsquo;activit\u00e9 physique, Lu\u00eds Matos fait la diff\u00e9rence en se concentrant essentiellement sur l&rsquo;individualisation de l&rsquo;entra\u00eenement. Avec une formation consolid\u00e9e en \u00e9ducation physique et sportive (exercice et bien-\u00eatre), il travaille depuis 2008 en tant qu&rsquo;entra\u00eeneur personnel, instructeur en salle de classe.<\/p>\n<p>Facebook: <a href=\"http:\/\/www.facebook.com\/PersonalTrainerLuisMatos\"> \/PersonalTrainerLuisMatos <\/a><\/p>\n<p>Instagram: @pt_luismatos<\/p>\n<\/div><\/section><\/p>\n<\/div><\/div><\/div><\/div><\/div><\/div><!-- close content main div --><\/div><\/div><div id='av-layout-grid-4' class='av-layout-grid-container entry-content-wrapper main_color av-flex-cells   av-small-hide av-mini-hide   container_wrap sidebar_right'   >\n<div class=\"flex_cell no_margin av_one_half   \" style='height:500px; min-height:500px;background: #f1f2f2; vertical-align:middle; padding:80px; background-color:#f1f2f2; '><div class='flex_cell_inner' ><p><div style='padding-bottom:25px; color:#262261;font-size:34px;' class='av-special-heading av-special-heading-h3 custom-color-heading blockquote modern-quote   av-inherit-size '><h3 class='av-special-heading-tag '  itemprop=\"headline\"  >Elder Santos <\/h3><div class='special-heading-border'><div class='special-heading-inner-border' style='border-color:#262261'><\/div><\/div><\/div><br \/>\n<section class=\"av_textblock_section \"  itemscope=\"itemscope\" itemtype=\"https:\/\/schema.org\/CreativeWork\" ><div class='avia_textblock  av_inherit_color '  style='color:#7e7e7e; '  itemprop=\"text\" ><p>Dans le but d&rsquo;am\u00e9liorer la fonctionnalit\u00e9 et l&rsquo;autonomie de la condition physique g\u00e9n\u00e9rale ou de la performance sportive, fr\u00e8re Santos exerce son m\u00e9tier aupr\u00e8s d&rsquo;a\u00een\u00e9s, d&rsquo;athl\u00e8tes ou dans le cadre d&rsquo;une post-r\u00e9\u00e9ducation.<\/p>\n<p>Son intervention est centr\u00e9e sur des techniques diff\u00e9renci\u00e9es afin de permettre une meilleure implication et une approche individuelles.<\/p>\n<p>T\u00e9l: (+351) 919 363 647<\/p>\n<p>E-mail: <a href=\"mailto:elderribeirosantos@yahoo.com\"> elderribeirosantos@yahoo.com <\/a><\/p>\n<\/div><\/section><\/p>\n<\/div><\/div><div class=\"flex_cell no_margin av_one_half    avia-full-stretch av-zero-padding \" style='height:500px; min-height:500px;background:url(https:\/\/saude-escudeiro.pt\/wp-content\/uploads\/2018\/11\/ElDER_santos.jpg) top left no-repeat scroll; vertical-align:middle; padding:0px; '><div class='flex_cell_inner' ><\/div><\/div><\/div><\/div><\/div><\/div><!-- close content main div --><\/div><\/div><div id='av-layout-grid-5' class='av-layout-grid-container entry-content-wrapper main_color av-flex-cells   av-small-hide av-mini-hide   container_wrap sidebar_right'   >\n<div class=\"flex_cell no_margin av_one_half    avia-full-contain \" style='height:500px; min-height:500px;background:url(https:\/\/saude-escudeiro.pt\/wp-content\/uploads\/2018\/12\/RoCol-210x300.png) center center no-repeat scroll #ffffff; vertical-align:middle; padding:80px; background-color:#ffffff; '><div class='flex_cell_inner' ><\/div><\/div><div class=\"flex_cell no_margin av_one_half    avia-full-stretch \" style='height:500px; min-height:500px;background: #f1f2f2; vertical-align:middle; padding:80px; background-color:#f1f2f2; '><div class='flex_cell_inner' ><p><div style='padding-bottom:25px; color:#262261;font-size:34px;' class='av-special-heading av-special-heading-h3 custom-color-heading blockquote modern-quote   av-inherit-size '><h3 class='av-special-heading-tag '  itemprop=\"headline\"  >Roberta Detotto<\/h3><div class='special-heading-border'><div class='special-heading-inner-border' style='border-color:#262261'><\/div><\/div><\/div><br \/>\n<section class=\"av_textblock_section \"  itemscope=\"itemscope\" itemtype=\"https:\/\/schema.org\/CreativeWork\" ><div class='avia_textblock  av_inherit_color '  style='color:#7e7e7e; '  itemprop=\"text\" ><p>Toujours dans l\u2019intention de donner la meilleure r\u00e9ponse \u00e0 chaque \u00e9l\u00e8ve, Roberta Dettoto a \u00e9t\u00e9 tr\u00e8s impliqu\u00e9e dans une formation forte et diversifi\u00e9e et est actuellement entra\u00eeneure en Pilates, Stretching, Hydrogynastic et Personal Trainer.<\/p>\n<\/div><\/section><\/p>\n<\/div><\/div><\/div><\/div><\/div><\/div><!-- close content main div --><\/div><\/div><div id='av-layout-grid-6' class='av-layout-grid-container entry-content-wrapper main_color av-flex-cells   av-small-hide av-mini-hide   container_wrap sidebar_right'   >\n<div class=\"flex_cell no_margin av_one_half   \" style='height:500px; min-height:500px;background: #f1f2f2; vertical-align:middle; padding:80px; background-color:#f1f2f2; '><div class='flex_cell_inner' ><p><div style='padding-bottom:25px; color:#262261;font-size:34px;' class='av-special-heading av-special-heading-h3 custom-color-heading blockquote modern-quote   av-inherit-size '><h3 class='av-special-heading-tag '  itemprop=\"headline\"  >Ana L\u00facia do Vale<\/h3><div class='special-heading-border'><div class='special-heading-inner-border' style='border-color:#262261'><\/div><\/div><\/div><br \/>\n<section class=\"av_textblock_section \"  itemscope=\"itemscope\" itemtype=\"https:\/\/schema.org\/CreativeWork\" ><div class='avia_textblock  av_inherit_color '  style='color:#7e7e7e; '  itemprop=\"text\" ><p>Avec une voie d&rsquo;excellence dans le domaine de la sant\u00e9 et de la beaut\u00e9, c&rsquo;est avec d\u00e9vouement et passion qu&rsquo;Ana L\u00facia do Valle exerce son m\u00e9tier dans le domaine de l&rsquo;esth\u00e9tique, toujours avec d&rsquo;excellents r\u00e9sultats.<\/p>\n<p>Tel: (+ 351) 936 198 223<\/p>\n<\/div><\/section><\/p>\n<\/div><\/div><div class=\"flex_cell no_margin av_one_half    avia-full-contain av-zero-padding \" style='height:500px; min-height:500px;background:url(https:\/\/saude-escudeiro.pt\/wp-content\/uploads\/2018\/11\/parceiro_madisson-1.jpg) center center no-repeat scroll; vertical-align:middle; padding:0px; '><div class='flex_cell_inner' ><\/div><\/div><\/div><\/div><\/div><\/div><!-- close content main div --><\/div><\/div><div id='av-layout-grid-7' class='av-layout-grid-container entry-content-wrapper main_color av-flex-cells   av-small-hide av-mini-hide   container_wrap sidebar_right'   >\n<div class=\"flex_cell no_margin av_one_half    avia-full-stretch av-zero-padding \" style='height:500px; min-height:500px;background:url(https:\/\/saude-escudeiro.pt\/wp-content\/uploads\/2018\/10\/joana_mendia_martins.jpg) top center no-repeat scroll #f1f2f2; vertical-align:middle; padding:0px; background-color:#f1f2f2; '><div class='flex_cell_inner' ><\/div><\/div><div class=\"flex_cell no_margin av_one_half    avia-full-contain \" style='height:500px; min-height:500px;background: #f1f2f2; vertical-align:middle; padding:80px; background-color:#f1f2f2; '><div class='flex_cell_inner' ><p><div style='padding-bottom:25px; color:#262261;font-size:34px;' class='av-special-heading av-special-heading-h3 custom-color-heading blockquote modern-quote   av-inherit-size '><h3 class='av-special-heading-tag '  itemprop=\"headline\"  >Joana Mendia<\/h3><div class='special-heading-border'><div class='special-heading-inner-border' style='border-color:#262261'><\/div><\/div><\/div><br \/>\n<section class=\"av_textblock_section \"  itemscope=\"itemscope\" itemtype=\"https:\/\/schema.org\/CreativeWork\" ><div class='avia_textblock  av_inherit_color '  style='color:#7e7e7e; '  itemprop=\"text\" ><p>Avec une grande admiration et une fascination pour le corps humain et son mouvement, Joana Mendia Martins a toujours investi dans sa formation en devenant aujourd&rsquo;hui une excellente instructrice de Pilates.<\/p>\n<p>\u00c0 travers des cours en groupe ou des formations personnalis\u00e9es, vos \u00e9tudiants \/ clients sont amen\u00e9s \u00e0 r\u00e9tablir ou \u00e0 maintenir leur sant\u00e9 et leur forme physique.<\/p>\n<p>T\u00e9l: (+351) 963 096 012<br \/>\nStyle zen<br \/>\nSite Web: <a href=\"http:\/\/zenfitlisboa.pt\"> zenfitlisboa.pt <\/a><br \/>\nE-mail: <a href=\"mailto:zenfitlisboa@gmail.com\"> zenfitlisboa@gmail.com <\/a><\/p>\n<\/div><\/section><\/p>\n<\/div><\/div><\/div><\/div><\/div><\/div><!-- close content main div --><\/div><\/div><div id='av-layout-grid-8' class='av-layout-grid-container entry-content-wrapper main_color av-flex-cells   av-small-hide av-mini-hide   container_wrap sidebar_right'   >\n<div class=\"flex_cell no_margin av_one_half    avia-full-stretch \" style='height:500px; min-height:500px;background: #f1f2f2; vertical-align:middle; padding:80px; background-color:#f1f2f2; '><div class='flex_cell_inner' ><p><div style='padding-bottom:25px; color:#262261;font-size:34px;' class='av-special-heading av-special-heading-h3 custom-color-heading blockquote modern-quote   av-inherit-size '><h3 class='av-special-heading-tag '  itemprop=\"headline\"  >JOVEM ACADEMIA<\/h3><div class='special-heading-border'><div class='special-heading-inner-border' style='border-color:#262261'><\/div><\/div><\/div><br \/>\n<section class=\"av_textblock_section \"  itemscope=\"itemscope\" itemtype=\"https:\/\/schema.org\/CreativeWork\" ><div class='avia_textblock  av_inherit_color '  style='color:#7e7e7e; '  itemprop=\"text\" ><p>Un p\u00f4le de d\u00e9veloppement pour les jeunes qui, en \u00e9quipe, d\u00e9couvrent leur valeur, prennent conscience des changements qu\u2019ils souhaitent produire dans leur vie et sont responsables de la r\u00e9alisation de leurs r\u00eaves, toujours dans un environnement positif et \u00e9quilibr\u00e9.<\/p>\n<p>Site Web: <a href=\"http:\/\/www.jovemacademia.com\"> http:\/\/www.jovemacademia.com <\/a><br \/>\nFacebook: \/ Jeune Acad\u00e9mie<br \/>\nInstagram: @jovemacademia<br \/>\nTlm: &lt;\/ span&gt; (+ 351) 917 375 357 \/ (+351) 918 182 259<\/p>\n<\/div><\/section><\/p>\n<\/div><\/div><div class=\"flex_cell no_margin av_one_half    avia-full-stretch av-zero-padding \" style='height:500px; min-height:500px;background:url(https:\/\/saude-escudeiro.pt\/wp-content\/uploads\/2018\/07\/parceiro-jovem-academia-1.jpg) center center no-repeat scroll #f1f2f2; vertical-align:middle; padding:0px; background-color:#f1f2f2; '><div class='flex_cell_inner' ><\/div><\/div><\/div><div class='avia-button-wrap avia-button-center  '><a href='https:\/\/saude-escudeiro.pt\/fr\/contacts\/' class='avia-button avia-button-fullwidth  av-icon-on-hover avia-icon_select-yes-right-icon avia-color-custom '  style='color:#ffffff; background-color:#307ecc;  ' ><span class='avia_iconbox_title' >V\u00e9rifiez votre rendez-vous ou votre traitement maintenant. Contactez nous!<\/span><span class='avia_button_icon avia_button_icon_right' aria-hidden='true' data-av_icon='\ue805' data-av_iconfont='entypo-fontello'><\/span><span class='avia_button_background avia-button avia-button-fullwidth avia-color-custom' style='background-color:#97d700; '><\/span><\/a><\/div><\/p>\n","protected":false},"excerpt":{"rendered":"... <a href=\"https:\/\/saude-escudeiro.pt\/fr\/partenaires\/\">Continuar a ler<\/a>.","protected":false},"author":7,"featured_media":0,"parent":0,"menu_order":5,"comment_status":"closed","ping_status":"closed","template":"","meta":{"inline_featured_image":false,"footnotes":""},"class_list":["post-3934","page","type-page","status-publish","hentry"],"_links":{"self":[{"href":"https:\/\/saude-escudeiro.pt\/fr\/wp-json\/wp\/v2\/pages\/3934","targetHints":{"allow":["GET"]}}],"collection":[{"href":"https:\/\/saude-escudeiro.pt\/fr\/wp-json\/wp\/v2\/pages"}],"about":[{"href":"https:\/\/saude-escudeiro.pt\/fr\/wp-json\/wp\/v2\/types\/page"}],"author":[{"embeddable":true,"href":"https:\/\/saude-escudeiro.pt\/fr\/wp-json\/wp\/v2\/users\/7"}],"replies":[{"embeddable":true,"href":"https:\/\/saude-escudeiro.pt\/fr\/wp-json\/wp\/v2\/comments?post=3934"}],"version-history":[{"count":2,"href":"https:\/\/saude-escudeiro.pt\/fr\/wp-json\/wp\/v2\/pages\/3934\/revisions"}],"predecessor-version":[{"id":4300,"href":"https:\/\/saude-escudeiro.pt\/fr\/wp-json\/wp\/v2\/pages\/3934\/revisions\/4300"}],"wp:attachment":[{"href":"https:\/\/saude-escudeiro.pt\/fr\/wp-json\/wp\/v2\/media?parent=3934"}],"curies":[{"name":"wp","href":"https:\/\/api.w.org\/{rel}","templated":true}]}}