{"id":4060,"date":"2018-07-09T18:54:18","date_gmt":"2018-07-09T18:54:18","guid":{"rendered":"https:\/\/saude-escudeiro.pt\/politica-de-privacidade-e-proteccao-de-dados-pessoais\/"},"modified":"2019-01-18T02:37:57","modified_gmt":"2019-01-18T02:37:57","slug":"politique-de-confidentialite-et-protection-des-donnees-personnelles","status":"publish","type":"page","link":"https:\/\/saude-escudeiro.pt\/fr\/politique-de-confidentialite-et-protection-des-donnees-personnelles\/","title":{"rendered":"Politique de confidentialit\u00e9 et protection des donn\u00e9es personnelles"},"content":{"rendered":"<h2>Politique de confidentialit\u00e9 et protection des donn\u00e9es personnelles<\/h2>\n<p><strong>Introduction<\/strong><\/p>\n<p>Veuillez lire attentivement cette politique de confidentialit\u00e9 et de protection des donn\u00e9es \u00e0 caract\u00e8re personnel conform\u00e9ment au r\u00e8glement (UE) 2016\/679 du Parlement europ\u00e9en et du Conseil du 27 avril 2016 sur la protection des bases de donn\u00e9es personnelles, d&rsquo;o\u00f9 la disponibilit\u00e9 de vos donn\u00e9es. implique la connaissance et l&rsquo;acceptation des conditions \u00e9nonc\u00e9es dans les pr\u00e9sentes. Ainsi, lorsque vous rendez vos donn\u00e9es personnelles disponibles, vous autorisez leur collecte, leur utilisation et leur divulgation conform\u00e9ment aux r\u00e8gles d\u00e9finies dans le pr\u00e9sent document.<\/p>\n<p>Sa\u00fade Escudeiro, Lda est fermement attach\u00e9e au respect de la vie priv\u00e9e de ses utilisateurs. Pour cette raison, nous avons d\u00e9velopp\u00e9 la politique de confidentialit\u00e9 suivante afin de vous informer correctement du fonctionnement du site Web et du traitement de vos informations personnelles.<\/p>\n<p>L&rsquo;utilisation des services de Sa\u00fade Escudeiro, Lda. n&rsquo;est pas possible sans indication de donn\u00e9es personnelles; Toutefois, si un d\u00e9tenteur de donn\u00e9es souhaite utiliser les services de Sa\u00fade Escudeiro, Lda., le traitement de donn\u00e9es \u00e0 caract\u00e8re personnel peut \u00eatre n\u00e9cessaire. Si le traitement de donn\u00e9es \u00e0 caract\u00e8re personnel est n\u00e9cessaire et qu&rsquo;il n&rsquo;existe aucune base l\u00e9gale pour un tel traitement, nous obtiendrons le consentement de la personne concern\u00e9e.<\/p>\n<p>Le traitement de donn\u00e9es \u00e0 caract\u00e8re personnel &#8211; telles que le nom complet, le NIF, le code civil NI ou le passeport (y compris la date et le lieu d&rsquo;\u00e9mission), le nom du parent, le nom de la m\u00e8re, l&rsquo;adresse, l&rsquo;adresse \u00e9lectronique, le num\u00e9ro de t\u00e9l\u00e9phone et le num\u00e9ro de t\u00e9l\u00e9phone portable du titulaire des donn\u00e9es doivent toujours \u00eatre conformes au r\u00e8glement g\u00e9n\u00e9ral sur la protection des donn\u00e9es (RGPD) et aux r\u00e9glementations nationales relatives \u00e0 la protection des donn\u00e9es applicables \u00e0 Sa\u00fade Escudeiro, Lda.<\/p>\n<p>Au travers de cette d\u00e9claration de protection des donn\u00e9es, notre soci\u00e9t\u00e9 souhaite vous informer de l\u2019objet des donn\u00e9es personnelles que nous collectons, utilisons et traitons. En outre, les d\u00e9tenteurs de donn\u00e9es sont inform\u00e9s, par le biais de cette d\u00e9claration de protection des donn\u00e9es, des droits qui les assistent.<\/p>\n<p>&nbsp;<\/p>\n<p><strong>D\u00e9finitions:<\/strong><br \/>\nCette d\u00e9claration de protection des donn\u00e9es est bas\u00e9e sur les termes utilis\u00e9s par le l\u00e9gislateur europ\u00e9en pour l&rsquo;adoption du r\u00e8glement g\u00e9n\u00e9ral sur la protection des donn\u00e9es (RGPD). Notre d\u00e9claration de protection des donn\u00e9es doit \u00eatre lisible et compr\u00e9hensible par le grand public, ainsi que par nos clients et partenaires commerciaux. Pour ce faire, nous aimerions commencer par expliquer la terminologie utilis\u00e9e.<\/p>\n<p><strong>Donn\u00e9es personnelles<\/strong><br \/>\nPar donn\u00e9es personnelles, on entend toute information li\u00e9e \u00e0 une personne physique identifi\u00e9e ou identifiable (\u00ab\u00a0personne concern\u00e9e\u00a0\u00bb). Une personne physique identifiable est une personne qui peut \u00eatre identifi\u00e9e, directement ou indirectement, en particulier par r\u00e9f\u00e9rence \u00e0 un identifiant tel qu&rsquo;un nom, un num\u00e9ro d&rsquo;identification, des donn\u00e9es de localisation, un identifiant en ligne ou un ou plusieurs facteurs d&rsquo;identit\u00e9 sp\u00e9cifiques nature physique, physiologique, g\u00e9n\u00e9tique, mentale, \u00e9conomique, culturelle ou sociale.<\/p>\n<p><strong>Propri\u00e9taire des donn\u00e9es<\/strong><br \/>\nLa personne concern\u00e9e est toute personne physique identifi\u00e9e ou identifiable dont les donn\u00e9es \u00e0 caract\u00e8re personnel sont trait\u00e9es par le responsable du traitement.<\/p>\n<p><strong>Traitement<\/strong><br \/>\nPar traitement, on entend toute op\u00e9ration ou ensemble d&rsquo;op\u00e9rations effectu\u00e9es sur des donn\u00e9es \u00e0 caract\u00e8re personnel ou sur des ensembles de donn\u00e9es \u00e0 caract\u00e8re personnel (de mani\u00e8re automatis\u00e9e ou non), tels que la collecte, l&rsquo;enregistrement, l&rsquo;organisation, la structuration, le stockage, l&rsquo;adaptation ou la modification, la r\u00e9cup\u00e9ration, etc. utilisation, divulgation par transmission, divulgation ou divulgation, alignement ou combinaison, restriction, suppression ou destruction.<\/p>\n<p><strong>Restriction de traitement<\/strong><br \/>\nLa restriction du traitement est le marquage des donn\u00e9es personnelles stock\u00e9es afin de limiter leur traitement \u00e0 l&rsquo;avenir.<\/p>\n<p><strong>D\u00e9finition de profil<\/strong><br \/>\nLa d\u00e9finition des profils d\u00e9signe toute forme de traitement automatis\u00e9 de donn\u00e9es \u00e0 caract\u00e8re personnel consistant \u00e0 utiliser des donn\u00e9es \u00e0 caract\u00e8re personnel pour \u00e9valuer certains aspects de la personnalit\u00e9 d&rsquo;une personne physique, en particulier pour analyser ou pr\u00e9voir des aspects li\u00e9s \u00e0 la performance de cette personne au travail, \u00e0 la situation \u00e9conomique, \u00e0 la sant\u00e9, pr\u00e9f\u00e9rences personnelles, int\u00e9r\u00eats, fiabilit\u00e9, comportement, emplacement ou mouvements.<\/p>\n<p><strong>Pseudonymisation<\/strong><br \/>\nLa pseudonymisation est le traitement de donn\u00e9es \u00e0 caract\u00e8re personnel de telle sorte que des donn\u00e9es \u00e0 caract\u00e8re personnel ne puissent plus \u00eatre attribu\u00e9es \u00e0 une personne concern\u00e9e sans l&rsquo;utilisation d&rsquo;informations suppl\u00e9mentaires, \u00e0 condition que ces informations suppl\u00e9mentaires soient conserv\u00e9es s\u00e9par\u00e9ment et soient soumises \u00e0 des mesures techniques et d&rsquo;organisation propres \u00e0 assurer: les donn\u00e9es personnelles ne peuvent pas \u00eatre attribu\u00e9es \u00e0 une personne physique identifi\u00e9e ou identifiable.<\/p>\n<p><strong>Responsable du traitement<\/strong><br \/>\nLe responsable du traitement est la personne physique ou morale, l&rsquo;autorit\u00e9 publique, une agence ou un autre organisme qui (seul ou conjointement avec d&rsquo;autres) d\u00e9termine les finalit\u00e9s et les moyens du traitement des donn\u00e9es \u00e0 caract\u00e8re personnel. Lorsque les finalit\u00e9s et les moyens de ce traitement sont d\u00e9termin\u00e9s par le droit de l&rsquo;Union ou des \u00c9tats membres, le responsable du traitement ou les crit\u00e8res sp\u00e9cifiques de leur nomination peuvent \u00eatre d\u00e9sign\u00e9s par le droit de l&rsquo;Union ou des \u00c9tats membres.<\/p>\n<p><strong>Trait\u00e9\u00a0ou transformateur ou sous-traitant<\/strong><br \/>\nLe traitement de donn\u00e9es ou le sous-traitant ou le sous-traitant est une personne physique ou morale, une autorit\u00e9 publique, une agence ou un autre organisme qui traite des donn\u00e9es \u00e0 caract\u00e8re personnel pour le compte du responsable du traitement.<\/p>\n<p><strong>Destinataire<\/strong><br \/>\nLe destinataire est une personne physique ou morale, une autorit\u00e9 publique, une agence ou un autre organisme \u00e0 qui sont communiqu\u00e9es des donn\u00e9es personnelles, que ce soit ou non une tierce partie. Toutefois, les autorit\u00e9s publiques susceptibles de recevoir des donn\u00e9es \u00e0 caract\u00e8re personnel dans le cadre d&rsquo;une enqu\u00eate sp\u00e9cifique conform\u00e9ment \u00e0 la l\u00e9gislation de l&rsquo;Union ou des \u00c9tats membres ne devraient pas \u00eatre consid\u00e9r\u00e9es comme des destinataires; le traitement de ces donn\u00e9es par ces autorit\u00e9s publiques doit \u00eatre conforme aux r\u00e8gles de protection des donn\u00e9es applicables en fonction des finalit\u00e9s du traitement.<\/p>\n<p><strong>Soci\u00e9t\u00e9 sous-trait\u00e9e<\/strong><br \/>\nL\u2019entreprise sous-trait\u00e9e est une personne physique ou morale, une autorit\u00e9 publique, une agence ou un organisme autre que la personne concern\u00e9e, le responsable du traitement, le sous-traitant et les personnes qui, sous l\u2019autorit\u00e9 directe du responsable du traitement, sont autoris\u00e9es \u00e0: traitement des donn\u00e9es personnelles.<\/p>\n<p><strong>Consentement<\/strong><br \/>\nLe consentement de la personne concern\u00e9e est une indication librement donn\u00e9e, sp\u00e9cifique, inform\u00e9e et sans ambigu\u00eft\u00e9 de sa volont\u00e9 &#8211; par le biais d&rsquo;une d\u00e9claration ou d&rsquo;un acte affirmatif clair &#8211; exprimant son accord sur le traitement des donn\u00e9es \u00e0 caract\u00e8re personnel la concernant. \/ elle.<\/p>\n<p><strong>Nom et adresse du contr\u00f4leur<\/strong><br \/>\nLe responsable du traitement, aux fins du r\u00e8glement g\u00e9n\u00e9ral sur la protection des donn\u00e9es (RGPD) et des autres lois sur la protection des donn\u00e9es applicables dans les \u00c9tats membres de l&rsquo;Union europ\u00e9enne et des autres dispositions relatives \u00e0 la protection des donn\u00e9es, est:<br \/>\nInvestissements<br \/>\nAv. De Portugal n\u00ba198 Boutique &#8211; B Urb. Quinta S\u00e3o Gon\u00e7alo,<br \/>\n2775-396 Carcavelos<br \/>\nPortugal<br \/>\nT\u00e9l\u00e9phone (+351) 214587866\/967027202<br \/>\nEmail: rgpd@saude-escudeiro.pt<br \/>\nSite web: https:\/\/www.saude-escudeiro.pt<\/p>\n<p>&nbsp;<\/p>\n<p><strong>Informations personnelles collect\u00e9es<\/strong><\/p>\n<p>Lorsque vous visitez notre site Web et que vous vous abonnez \u00e0 certaines des fonctionnalit\u00e9s disponibles, nous devons collecter certaines de vos donn\u00e9es personnelles afin de pouvoir vous envoyer les informations ou les \u00e9claircissements que vous avez demand\u00e9s, si vous manifestez activement cet int\u00e9r\u00eat.<\/p>\n<p>Nous ne recueillons pas d&rsquo;informations personnellement identifiables sur vous ou vos informations personnelles sans votre consentement. Nous pouvons, par cons\u00e9quent, collecter et stocker des informations que vous avez volontairement d\u00e9cid\u00e9 de nous fournir, y compris, mais sans s&rsquo;y limiter, des informations personnelles individualis\u00e9es telles que vos nom, adresse, adresse \u00e9lectronique et num\u00e9ro de t\u00e9l\u00e9phone.<\/p>\n<p>Si vous avez besoin de nous fournir des informations personnelles pour acc\u00e9der \u00e0 certaines fonctionnalit\u00e9s, vous serez express\u00e9ment inform\u00e9 de la mani\u00e8re dont ces informations seront utilis\u00e9es.<\/p>\n<p>Conform\u00e9ment \u00e0 la loi, les propri\u00e9taires de donn\u00e9es \u00e0 caract\u00e8re personnel ont le droit de confirmer, de rectifier, d\u2019effacer ou de bloquer, de mani\u00e8re libre et sans restriction, les donn\u00e9es qu\u2019ils ont fournies et de les exercer personnellement ou par \u00e9crit \u00e0 l\u2019adresse de cette institution. identifi\u00e9s sur le site, \u00e0 tout moment et sans frais, conform\u00e9ment aux dispositions de la loi n \u00b0 67\/98 du 26 octobre.<\/p>\n<p>Les mineurs de moins de 18 ans doivent obtenir l&rsquo;autorisation de leurs parents ou tuteurs avant de publier des donn\u00e9es personnelles sur le site web de Sa\u00fade Escudeiro, Lda.<\/p>\n<p>&nbsp;<\/p>\n<p><strong>Donn\u00e9es personnelles collect\u00e9es<\/strong><\/p>\n<p>1 &#8211; Formulaire de contact: lorsque vous remplissez le formulaire avec vos donn\u00e9es personnelles, vous acceptez automatiquement les Termes et Conditions | Politique de confidentialit\u00e9 et autorisation de Sa\u00fade Escudeiro, Lda. Nous contacter pour nous faire part de vos commentaires sur le sujet que vous publiez (annotations, questions, questions, commentaires, suggestions, etc.).<\/p>\n<p>2 &#8211; R\u00e9seaux sociaux: les donn\u00e9es re\u00e7ues via les r\u00e9seaux sociaux (facebook, instagram, youtube ou autres) seront trait\u00e9es de l&rsquo;une des mani\u00e8res suivantes:<\/p>\n<p>a) En \u00e9tant redirig\u00e9 vers un r\u00e9seau social de Sa\u00fade Escudeiro, Lda. acceptera les Termes et Conditions | Politique de confidentialit\u00e9 des services respectifs et d\u2019autoriser le<br \/>\nLe contact peut \u00eatre \u00e9tabli via un message priv\u00e9 au profil avec lequel vous nous avez contact\u00e9, par t\u00e9l\u00e9phone ou par un autre moyen de contact que vous nous avez fourni;<\/p>\n<p>b) Si vous nous contactez directement sur l&rsquo;un de ces r\u00e9seaux sociaux, vous acceptez automatiquement les Termes et Conditions | Politique de confidentialit\u00e9 et pour permettre aux commentaires d&rsquo;\u00eatre envoy\u00e9s au m\u00eame profil d&rsquo;utilisateur que celui avec lequel vous nous avez contact\u00e9. Sa\u00fade Escudeiro, Lda n&rsquo;est pas responsable de l&rsquo;impossibilit\u00e9 de contact si le consommateur \/ fan a\u00a0profil priv\u00e9<\/p>\n<p>3- Email: Si vous contactez Sa\u00fade Escudeiro, Lda. , Via email fournit l&rsquo;envoi actif de donn\u00e9es personnelles. Par cons\u00e9quent, vous acceptez automatiquement les conditions d&rsquo;utilisation | Politique de confidentialit\u00e9 et autoriser Sa\u00fade Escudeiro, Lda \u00e0 vous contacter pour vous faire part de vos commentaires sur le sujet. Cet aspect est valable \u00e0 la fois pour les adresses \u00e9lectroniques directes des employ\u00e9s de Sa\u00fade Escudeiro, Lda., Ou pour les listes g\u00e9n\u00e9rales telles que info@saude-escudeiro.pt<\/p>\n<p>&nbsp;<\/p>\n<p>&nbsp;<\/p>\n","protected":false},"excerpt":{"rendered":"<p>Politique de confidentialit\u00e9 et protection des donn\u00e9es personnelles Introduction Veuillez lire attentivement cette politique de confidentialit\u00e9 et de protection des donn\u00e9es \u00e0 caract\u00e8re personnel conform\u00e9ment au r\u00e8glement (UE) 2016\/679 du Parlement europ\u00e9en et du Conseil du 27 avril 2016 sur la protection des bases de donn\u00e9es personnelles, d&rsquo;o\u00f9 la disponibilit\u00e9 de vos donn\u00e9es. implique la<\/p>\n... <a href=\"https:\/\/saude-escudeiro.pt\/fr\/politique-de-confidentialite-et-protection-des-donnees-personnelles\/\">Continuar a ler<\/a>.","protected":false},"author":7,"featured_media":0,"parent":0,"menu_order":9,"comment_status":"closed","ping_status":"closed","template":"","meta":{"inline_featured_image":false,"footnotes":""},"class_list":["post-4060","page","type-page","status-publish","hentry"],"_links":{"self":[{"href":"https:\/\/saude-escudeiro.pt\/fr\/wp-json\/wp\/v2\/pages\/4060","targetHints":{"allow":["GET"]}}],"collection":[{"href":"https:\/\/saude-escudeiro.pt\/fr\/wp-json\/wp\/v2\/pages"}],"about":[{"href":"https:\/\/saude-escudeiro.pt\/fr\/wp-json\/wp\/v2\/types\/page"}],"author":[{"embeddable":true,"href":"https:\/\/saude-escudeiro.pt\/fr\/wp-json\/wp\/v2\/users\/7"}],"replies":[{"embeddable":true,"href":"https:\/\/saude-escudeiro.pt\/fr\/wp-json\/wp\/v2\/comments?post=4060"}],"version-history":[{"count":2,"href":"https:\/\/saude-escudeiro.pt\/fr\/wp-json\/wp\/v2\/pages\/4060\/revisions"}],"predecessor-version":[{"id":4066,"href":"https:\/\/saude-escudeiro.pt\/fr\/wp-json\/wp\/v2\/pages\/4060\/revisions\/4066"}],"wp:attachment":[{"href":"https:\/\/saude-escudeiro.pt\/fr\/wp-json\/wp\/v2\/media?parent=4060"}],"curies":[{"name":"wp","href":"https:\/\/api.w.org\/{rel}","templated":true}]}}