{"id":4225,"date":"2018-08-07T14:57:22","date_gmt":"2018-08-07T14:57:22","guid":{"rendered":"https:\/\/saude-escudeiro.pt\/protocolos\/"},"modified":"2019-01-18T13:50:31","modified_gmt":"2019-01-18T13:50:31","slug":"protocoles","status":"publish","type":"page","link":"https:\/\/saude-escudeiro.pt\/fr\/protocoles\/","title":{"rendered":"Protocoles"},"content":{"rendered":"<\/div><\/div><\/div><!-- close content main div --><\/div><\/div><div id='apoio-personalizado' class='av-layout-grid-container entry-content-wrapper main_color av-flex-cells   av-small-hide av-mini-hide   container_wrap sidebar_right'   >\n<div class=\"flex_cell no_margin av_one_half    avia-full-stretch \" style='height:500px; min-height:500px;background:url(https:\/\/saude-escudeiro.pt\/wp-content\/uploads\/2018\/10\/imag_01_pag_protocolos.jpg) top center no-repeat scroll; vertical-align:middle; padding:80px; '><div class='flex_cell_inner' ><\/div><\/div><div class=\"flex_cell no_margin av_one_half   \" style='height:500px; min-height:500px;background: #22689e; vertical-align:middle; padding:80px; background-color:#22689e; '><div class='flex_cell_inner' ><p><div style='padding-bottom:25px; color:#ffffff;font-size:34px;' class='av-special-heading av-special-heading-h3 custom-color-heading blockquote modern-quote modern-centered   av-inherit-size '><h3 class='av-special-heading-tag '  itemprop=\"headline\"  >PROTOCOLES<\/h3><div class='special-heading-border'><div class='special-heading-inner-border' style='border-color:#ffffff'><\/div><\/div><\/div><br \/>\n<section class=\"av_textblock_section \"  itemscope=\"itemscope\" itemtype=\"https:\/\/schema.org\/CreativeWork\" ><div class='avia_textblock  av_inherit_color '  style='color:#ffffff; '  itemprop=\"text\" ><p>Afin de produire un effet sp\u00e9cifique sur le corps, un protocole est une liste organis\u00e9e d\u2019actions dont le type et l\u2019intensit\u00e9 des avantages varient d\u2019une personne \u00e0 l\u2019autre.<\/p>\n<p>Chaque protocole est \u00e9labor\u00e9 en fonction des avantages \u00e0 obtenir, des m\u00e9canismes physiologiques produisant les effets, des actions \u00e0 r\u00e9aliser, du suivi de l&rsquo;application, ainsi que de quelques r\u00e9f\u00e9rences bibliographiques pour approfondir le sujet.<\/p>\n<p>Certains des avantages peuvent ne pas \u00eatre imm\u00e9diats, cependant, des outils de surveillance sp\u00e9cifiques seront fournis pour \u00e9valuer les progr\u00e8s de chaque personne.<\/p>\n<\/div><\/section><\/p>\n<\/div><\/div>\n<\/div>\n<\/div><\/div><\/div><!-- close content main div --><\/div><\/div><div id='24heures-a-optimiser' class='av-layout-grid-container entry-content-wrapper main_color av-flex-cells   av-small-hide av-mini-hide   container_wrap sidebar_right'   >\n<div class=\"flex_cell no_margin av_one_half    avia-full-stretch \" style='height:500px; min-height:500px;background: #ffffff; vertical-align:middle; padding:80px; background-color:#ffffff; '><div class='flex_cell_inner' ><p><div style='padding-bottom:25px; color:#157ab9;font-size:34px;' class='av-special-heading av-special-heading-h3 custom-color-heading blockquote modern-quote modern-centered   av-inherit-size '><h3 class='av-special-heading-tag '  itemprop=\"headline\"  >24 heures pour optimiser<\/h3><div class='special-heading-border'><div class='special-heading-inner-border' style='border-color:#157ab9'><\/div><\/div><\/div><br \/>\n<section class=\"av_textblock_section \"  itemscope=\"itemscope\" itemtype=\"https:\/\/schema.org\/CreativeWork\" ><div class='avia_textblock  av_inherit_color '  style='color:#157ab9; '  itemprop=\"text\" ><p>24h \u00e0 optimiser sont nos protocoles qui vous permettent de faire l&rsquo;exp\u00e9rience de l&rsquo;optimisation physiologique pour une journ\u00e9e.<\/p>\n<\/div><\/section><br \/>\n<div class=\"flex_column av_one_full  flex_column_div av-zero-column-padding first  \" style='border-radius:0px; '><div class='avia-button-wrap avia-button-center  '><a href='https:\/\/saude-escudeiro.pt\/fr\/protocoles24\/'  class='avia-button   avia-icon_select-no avia-color-custom avia-size-medium avia-position-center '  style='background-color:#157ab9; border-color:#157ab9; color:#ffffff; ' ><span class='avia_iconbox_title' >PROTOCOLES 24H \u00e0 optimiser<\/span><\/a><\/div><\/div><\/p>\n<\/div><\/div><div class=\"flex_cell no_margin av_one_half    avia-full-stretch \" style='height:500px; min-height:500px;background:url(https:\/\/saude-escudeiro.pt\/wp-content\/uploads\/2018\/11\/protocolo_24H.jpg) top center no-repeat scroll; vertical-align:middle; padding:80px; '><div class='flex_cell_inner' ><\/div><\/div>\n<\/div>\n<\/div><\/div><\/div><!-- close content main div --><\/div><\/div><div id='protocolos-de-otimizacao-especificos' class='av-layout-grid-container entry-content-wrapper main_color av-flex-cells   av-small-hide av-mini-hide   container_wrap sidebar_right'   >\n<div class=\"flex_cell no_margin av_one_half    avia-full-stretch \" style='height:500px; min-height:500px;background:url(https:\/\/saude-escudeiro.pt\/wp-content\/uploads\/2018\/10\/optimizar_imflamacao.jpg) top center no-repeat scroll; vertical-align:middle; padding:80px; '><div class='flex_cell_inner' ><\/div><\/div><div class=\"flex_cell no_margin av_one_half    \" style='height:500px; min-height:500px;background: #22689e; vertical-align:top; padding:80px; background-color:#22689e; '><div class='flex_cell_inner' ><p><div style='padding-bottom:25px; color:#ffffff;font-size:34px;' class='av-special-heading av-special-heading-h3 custom-color-heading blockquote modern-quote modern-centered   av-inherit-size '><h3 class='av-special-heading-tag '  itemprop=\"headline\"  >OPTIMISER LA R\u00c9DUCTION D\u2019INFLAMMATION<\/h3><div class='special-heading-border'><div class='special-heading-inner-border' style='border-color:#ffffff'><\/div><\/div><\/div><br \/>\n<section class=\"av_textblock_section \"  itemscope=\"itemscope\" itemtype=\"https:\/\/schema.org\/CreativeWork\" ><div class='avia_textblock  av_inherit_color '  style='color:#ffffff; '  itemprop=\"text\" ><p>L&rsquo;inflammation est le processus naturel de r\u00e9paration des dommages physiques survenant dans notre corps. Sans cela, il ne serait pas possible de r\u00e9cup\u00e9rer des blessures et des agressions physiques.<\/p>\n<p>Bien que ce soit un processus n\u00e9cessaire dans la plupart des cas, il y a des situations o\u00f9 il n&rsquo;est pas souhaitable.<\/p>\n<p>Lorsque l&rsquo;inflammation devient un probl\u00e8me en soi, elle peut causer de la douleur, de la raideur ou des modifications de l&rsquo;activit\u00e9 musculaire.<\/p>\n<p>C\u2019est dans ces circonstances qu\u2019il est justifi\u00e9 de stimuler le corps afin qu\u2019il r\u00e9duise ou m\u00eame inhibe son pouvoir inflammatoire.<\/p>\n<\/div><\/section><br \/>\n<div class=\"flex_column av_one_full  flex_column_div av-zero-column-padding first  \" style='border-radius:0px; '><div class='avia-button-wrap avia-button-center  '><a href='https:\/\/saude-escudeiro.pt\/fr\/protocole-optimiser-la-reduction-de-linflammation\/'  class='avia-button av-icon-on-hover  avia-icon_select-no avia-color-custom avia-size-medium avia-position-center '  style='background-color:#ffffff; border-color:#ffffff; color:#157ab9; ' ><span class='avia_iconbox_title' >PROTOCOLE D\u2019ACQUISITION<\/span><\/a><\/div><\/div><\/p>\n<\/div><\/div>\n<\/div>\n<\/div><\/div><\/div><!-- close content main div --><\/div><\/div><div id='protocolos-de-otimizacao-exclusivos' class='av-layout-grid-container entry-content-wrapper main_color av-flex-cells   av-small-hide av-mini-hide   container_wrap sidebar_right'   >\n<div class=\"flex_cell no_margin av_one_half    \" style='height:500px; min-height:500px;vertical-align:middle; padding:80px; '><div class='flex_cell_inner' ><p><div style='padding-bottom:25px; color:#157ab9;font-size:34px;' class='av-special-heading av-special-heading-h3 custom-color-heading blockquote modern-quote modern-centered   av-inherit-size '><h3 class='av-special-heading-tag '  itemprop=\"headline\"  >OPTIMISER LA R\u00c9CUP\u00c9RATION DES BLESSURES<\/h3><div class='special-heading-border'><div class='special-heading-inner-border' style='border-color:#157ab9'><\/div><\/div><\/div><br \/>\n<section class=\"av_textblock_section \"  itemscope=\"itemscope\" itemtype=\"https:\/\/schema.org\/CreativeWork\" ><div class='avia_textblock  av_inherit_color '  style='color:#157ab9; '  itemprop=\"text\" ><p>Les blessures physiques provoquent des douleurs, emp\u00eachent de bouger et conditionnent la vie quotidienne.<\/p>\n<p>Par le biais de m\u00e9canismes naturels dans le corps, d\u00e9couvrez comment cr\u00e9er l&rsquo;environnement physiologique n\u00e9cessaire pour acc\u00e9l\u00e9rer la r\u00e9paration des tissus bless\u00e9s, pr\u00e9venir de nouvelles blessures et revenir rapidement \u00e0 une vie sans conditionnement.<\/p>\n<\/div><\/section><br \/>\n<div class=\"flex_column av_one_full  flex_column_div av-zero-column-padding first  \" style='border-radius:0px; '><div class='avia-button-wrap avia-button-center  '><a href='https:\/\/saude-escudeiro.pt\/fr\/protocole-optimiser-la-recuperation-des-blessures\/'  class='avia-button av-icon-on-hover  avia-icon_select-no avia-color-custom avia-size-medium avia-position-center '  style='background-color:#157ab9; border-color:#157ab9; color:#ffffff; ' ><span class='avia_iconbox_title' >PROTOCOLE D\u2019ACQUISITION<\/span><\/a><\/div><\/div><\/p>\n<\/div><\/div><div class=\"flex_cell no_margin av_one_half    avia-full-stretch \" style='height:500px; min-height:500px;background:url(https:\/\/saude-escudeiro.pt\/wp-content\/uploads\/2018\/10\/optimisar_recuperacoes_lesoes_protocolos.jpg) top center no-repeat scroll; vertical-align:middle; padding:80px; '><div class='flex_cell_inner' ><\/div><\/div>\n<\/div>\n<\/div><\/div><\/div><!-- close content main div --><\/div><\/div><div id='otimizacao-em-escolas' class='av-layout-grid-container entry-content-wrapper main_color av-flex-cells   av-small-hide av-mini-hide   container_wrap sidebar_right'   >\n<div class=\"flex_cell no_margin av_one_half    avia-full-stretch \" style='height:500px; min-height:500px;background:url(https:\/\/saude-escudeiro.pt\/wp-content\/uploads\/2018\/10\/optimizar_sono.jpg) top center no-repeat scroll; vertical-align:middle; padding:80px; '><div class='flex_cell_inner' ><\/div><\/div><div class=\"flex_cell no_margin av_one_half    \" style='height:500px; min-height:500px;background: #22689e; vertical-align:top; padding:80px; background-color:#22689e; '><div class='flex_cell_inner' ><p><div style='padding-bottom:25px; color:#ffffff;font-size:34px;' class='av-special-heading av-special-heading-h3 custom-color-heading blockquote modern-quote modern-centered   av-inherit-size '><h3 class='av-special-heading-tag '  itemprop=\"headline\"  >OPTIMISER LE SOMMEIL<\/h3><div class='special-heading-border'><div class='special-heading-inner-border' style='border-color:#ffffff'><\/div><\/div><\/div><br \/>\n<section class=\"av_textblock_section \"  itemscope=\"itemscope\" itemtype=\"https:\/\/schema.org\/CreativeWork\" ><div class='avia_textblock  av_inherit_color '  style='color:#ffffff; '  itemprop=\"text\" ><p>Le sommeil est probablement le principal pilier de la sant\u00e9 et s&rsquo;il ne l&rsquo;est pas en quantit\u00e9 et en qualit\u00e9, on ne peut pas en extraire l&rsquo;effet r\u00e9g\u00e9n\u00e9rateur qu&rsquo;il devrait avoir.<\/p>\n<p>De nombreux troubles du sommeil sont dus au mode de vie moderne, mais en cr\u00e9ant les bonnes routines, il est possible de profiter de son potentiel de r\u00e9cup\u00e9ration.<\/p>\n<\/div><\/section><br \/>\n<div class=\"flex_column av_one_full  flex_column_div av-zero-column-padding first  \" style='border-radius:0px; '><div class='avia-button-wrap avia-button-center  '><a href='https:\/\/saude-escudeiro.pt\/fr\/protocole-optimiser-le-sommeil\/'  class='avia-button   avia-icon_select-no avia-color-custom avia-size-medium avia-position-center '  style='background-color:#ffffff; border-color:#ffffff; color:#22689e; ' ><span class='avia_iconbox_title' >PROTOCOLE D\u2019ACQUISITION<\/span><\/a><\/div><\/div><\/p>\n<\/div><\/div>\n<\/div>\n<\/div><\/div><\/div><!-- close content main div --><\/div><\/div><div id='otimizacao-para-agentes-de-actividade-fisica' class='av-layout-grid-container entry-content-wrapper main_color av-flex-cells   av-small-hide av-mini-hide   container_wrap sidebar_right'   >\n<div class=\"flex_cell no_margin av_one_half    \" style='height:500px; min-height:500px;background: #ffffff; vertical-align:middle; padding:80px; background-color:#ffffff; '><div class='flex_cell_inner' ><p><div style='padding-bottom:25px; color:#22689e;font-size:34px;' class='av-special-heading av-special-heading-h3 custom-color-heading blockquote modern-quote modern-centered   av-inherit-size '><h3 class='av-special-heading-tag '  itemprop=\"headline\"  >OPTIMISER LE R\u00c9GLAGE DU POIDS<\/h3><div class='special-heading-border'><div class='special-heading-inner-border' style='border-color:#22689e'><\/div><\/div><\/div><br \/>\n<section class=\"av_textblock_section \"  itemscope=\"itemscope\" itemtype=\"https:\/\/schema.org\/CreativeWork\" ><div class='avia_textblock  av_inherit_color '  style='color:#22689e; '  itemprop=\"text\" ><p>Selon nos caract\u00e9ristiques personnelles, nous avons tous un poids corporel pr\u00e9d\u00e9termin\u00e9 g\u00e9n\u00e9tiquement.<\/p>\n<p>Apprenez les habitudes indispensables pour vivre dans votre environnement physiologique et pour atteindre votre \u00e9quilibre interne et atteindre votre poids corporel correct.<\/p>\n<\/div><\/section><br \/>\n<div class=\"flex_column av_one_full  flex_column_div av-zero-column-padding first  \" style='border-radius:0px; '><div class='avia-button-wrap avia-button-center  '><a href='https:\/\/saude-escudeiro.pt\/fr\/protocole-optimiser-le-reglage-du-poids\/'  class='avia-button av-icon-on-hover  avia-icon_select-no avia-color-custom avia-size-medium avia-position-center '  style='background-color:#157ab9; border-color:#157ab9; color:#ffffff; ' ><span class='avia_iconbox_title' >PROTOCOLE D\u2019ACQUISITION<\/span><\/a><\/div><\/div><\/p>\n<\/div><\/div><div class=\"flex_cell no_margin av_one_half    avia-full-stretch \" style='height:500px; min-height:500px;background:url(https:\/\/saude-escudeiro.pt\/wp-content\/uploads\/2018\/10\/optimizar-a-regulacao-do-peso.jpg) top right no-repeat scroll; vertical-align:middle; padding:80px; '><div class='flex_cell_inner' ><\/div><\/div>\n<\/div>\n<\/div><\/div><\/div><!-- close content main div --><\/div><\/div><div id='otimizacao-para-clinicos' class='av-layout-grid-container entry-content-wrapper main_color av-flex-cells   av-small-hide av-mini-hide   container_wrap sidebar_right'   >\n<div class=\"flex_cell no_margin av_one_half    avia-full-stretch \" style='height:500px; min-height:500px;background:url(https:\/\/saude-escudeiro.pt\/wp-content\/uploads\/2018\/10\/optimizar-a-produtividade-mental.jpg) top center no-repeat scroll; vertical-align:middle; padding:80px; '><div class='flex_cell_inner' ><\/div><\/div><div class=\"flex_cell no_margin av_one_half    \" style='height:500px; min-height:500px;background: #22689e; vertical-align:top; padding:80px; background-color:#22689e; '><div class='flex_cell_inner' ><p><div style='padding-bottom:25px; color:#ffffff;font-size:34px;' class='av-special-heading av-special-heading-h3 custom-color-heading blockquote modern-quote modern-centered   av-inherit-size '><h3 class='av-special-heading-tag '  itemprop=\"headline\"  >OPTIMISER LA PRODUCTIVIT\u00c9 MENTALE<\/h3><div class='special-heading-border'><div class='special-heading-inner-border' style='border-color:#ffffff'><\/div><\/div><\/div><br \/>\n<section class=\"av_textblock_section \"  itemscope=\"itemscope\" itemtype=\"https:\/\/schema.org\/CreativeWork\" ><div class='avia_textblock  av_inherit_color '  style='color:#ffffff; '  itemprop=\"text\" ><p>On vit dans une soci\u00e9t\u00e9 o\u00f9 il y a de plus en plus de demandes de revenus, mais aussi plus de distractions pour la concentration, o\u00f9 les demandes sont constantes. Il est donc imp\u00e9ratif d&rsquo;avoir une productivit\u00e9 \u00e9lev\u00e9e.<\/p>\n<p>Pour \u00eatre \u00e0 la hauteur et \u00eatre \u00e0 la hauteur, vous devez atteindre un \u00e9tat de fluidit\u00e9 cr\u00e9ative pour pouvoir r\u00e9soudre des probl\u00e8mes, avoir un meilleur contr\u00f4le \u00e9motionnel, \u00eatre en mesure de mieux effectuer les t\u00e2ches et de basculer d&rsquo;une activit\u00e9 \u00e0 l&rsquo;autre sans effort consid\u00e9rable.<\/p>\n<p>Fondamentalement, vous devez avoir une plus grande r\u00e9silience \u00e9motionnelle et mentale pour faire face aux demandes.<\/p>\n<\/div><\/section><br \/>\n<div class=\"flex_column av_one_full  flex_column_div av-zero-column-padding first  \" style='border-radius:0px; '><div class='avia-button-wrap avia-button-center  '><a href='https:\/\/saude-escudeiro.pt\/fr\/protocole-optimiser-la-productivite-mentale\/'  class='avia-button av-icon-on-hover  avia-icon_select-no avia-color-custom avia-size-medium avia-position-center '  style='background-color:#ffffff; border-color:#ffffff; color:#157ab9; ' ><span class='avia_iconbox_title' >PROTOCOLE D\u2019ACQUISITION<\/span><\/a><\/div><\/div><\/p>\n<\/div><\/div>\n<\/div>\n<\/div><\/div><\/div><!-- close content main div --><\/div><\/div><div id='eventos-de-otimizacao-institucionais' class='av-layout-grid-container entry-content-wrapper main_color av-flex-cells   av-small-hide av-mini-hide   container_wrap sidebar_right'   >\n<div class=\"flex_cell no_margin av_one_half    \" style='height:500px; min-height:500px;background: #ffffff; vertical-align:middle; padding:80px; background-color:#ffffff; '><div class='flex_cell_inner' ><p><div style='padding-bottom:25px; color:#157ab9;font-size:34px;' class='av-special-heading av-special-heading-h3 custom-color-heading blockquote modern-quote modern-centered   av-inherit-size '><h3 class='av-special-heading-tag '  itemprop=\"headline\"  >OPTIMISER LE CONTR\u00d4LE DES IMPULSIONS ALIMENTAIRES<\/h3><div class='special-heading-border'><div class='special-heading-inner-border' style='border-color:#157ab9'><\/div><\/div><\/div><br \/>\n<section class=\"av_textblock_section \"  itemscope=\"itemscope\" itemtype=\"https:\/\/schema.org\/CreativeWork\" ><div class='avia_textblock  av_inherit_color '  style='color:#157ab9; '  itemprop=\"text\" ><p>Os impulsos alimentares, causados in grande medida por desequil\u00edbrios fisiol\u00f3gicos, s\u00e3o, provavelmente, un r\u00e9gime majeur en mati\u00e8re de r\u00e9gime alimentaire.<\/p>\n<p>Cliquez ici pour afficher toutes les informations sur ce produit, ainsi que vous en informer apr\u00e8s un contr\u00f4le de la performance physique et pratique de toutes les activit\u00e9s, ainsi que des informations sur les biologies et les neurones humains.<\/p>\n<\/div><\/section><br \/>\n<div class=\"flex_column av_one_full  flex_column_div av-zero-column-padding first  \" style='border-radius:0px; '><div class='avia-button-wrap avia-button-center  '><a href='https:\/\/saude-escudeiro.pt\/fr\/protocole-optimiser-le-controle-des-pates-alimentaires\/'  class='avia-button av-icon-on-hover  avia-icon_select-no avia-color-custom avia-size-medium avia-position-center '  style='background-color:#157ab9; border-color:#157ab9; color:#ffffff; ' ><span class='avia_iconbox_title' >PROTOCOLE D\u2019ACQUISITION<\/span><\/a><\/div><\/div><\/p>\n<\/div><\/div><div class=\"flex_cell no_margin av_one_half    avia-full-stretch \" style='height:500px; min-height:500px;background:url(https:\/\/saude-escudeiro.pt\/wp-content\/uploads\/2018\/10\/optimizar-o-controlo-dos-impulsos-alimentares.jpg) top center no-repeat scroll; vertical-align:middle; padding:80px; '><div class='flex_cell_inner' ><\/div><\/div>\n<\/div>\n<\/div><\/div><\/div><!-- close content main div --><\/div><\/div><div id='curso-otimizacao-humana-dinamica' class='av-layout-grid-container entry-content-wrapper main_color av-flex-cells   av-small-hide av-mini-hide   container_wrap sidebar_right'   >\n<div class=\"flex_cell no_margin av_one_half    avia-full-stretch \" style='height:500px; min-height:500px;background:url(https:\/\/saude-escudeiro.pt\/wp-content\/uploads\/2018\/10\/optimizar-o-relaxamento-fisico.jpg) top center no-repeat scroll; vertical-align:middle; padding:80px; '><div class='flex_cell_inner' ><\/div><\/div><div class=\"flex_cell no_margin av_one_half    \" style='height:500px; min-height:500px;background: #22689e; vertical-align:top; padding:80px; background-color:#22689e; '><div class='flex_cell_inner' ><p><div style='padding-bottom:25px; color:#ffffff;font-size:34px;' class='av-special-heading av-special-heading-h3 custom-color-heading blockquote modern-quote modern-centered   av-inherit-size '><h3 class='av-special-heading-tag '  itemprop=\"headline\"  >OPTIMISER LA RELAXATION PHYSIQUE<\/h3><div class='special-heading-border'><div class='special-heading-inner-border' style='border-color:#ffffff'><\/div><\/div><\/div><br \/>\n<section class=\"av_textblock_section \"  itemscope=\"itemscope\" itemtype=\"https:\/\/schema.org\/CreativeWork\" ><div class='avia_textblock  av_inherit_color '  style='color:#ffffff; '  itemprop=\"text\" ><p>Une leveza f\u00edsica est en train de se produire et de se d\u00e9tendre.<\/p>\n<p>Une tension musculaire est d\u00e9j\u00e0 pr\u00e9sent\u00e9e dans les diff\u00e9rentes langues, les mouvements dans les couleurs qui diminuent, le choix, la qualit\u00e9 de vie.<\/p>\n<p>Il existe diff\u00e9rentes m\u00e9thodes qui permettent de r\u00e9duire la tension art\u00e9rielle et d&rsquo;infections musculaires, musculaires et musculaires. Sobretudo, est la sensation de bien-\u00eatre physique et psychologique que nous pouvons poss\u00e9der.<\/p>\n<\/div><\/section><br \/>\n<div class=\"flex_column av_one_full  flex_column_div av-zero-column-padding first  \" style='border-radius:0px; '><div class='avia-button-wrap avia-button-center  '><a href='https:\/\/saude-escudeiro.pt\/fr\/protocole-optimiser-la-relaxation-physique\/'  class='avia-button av-icon-on-hover  avia-icon_select-no avia-color-custom avia-size-medium avia-position-center '  style='background-color:#ffffff; border-color:#ffffff; color:#157ab9; ' ><span class='avia_iconbox_title' >PROTOCOLE D\u2019ACQUISITION<\/span><\/a><\/div><\/div><\/p>\n<\/div><\/div>\n<\/div>\n","protected":false},"excerpt":{"rendered":"... <a href=\"https:\/\/saude-escudeiro.pt\/fr\/protocoles\/\">Continuar a ler<\/a>.","protected":false},"author":7,"featured_media":0,"parent":0,"menu_order":12,"comment_status":"closed","ping_status":"closed","template":"","meta":{"inline_featured_image":false,"footnotes":""},"class_list":["post-4225","page","type-page","status-publish","hentry"],"_links":{"self":[{"href":"https:\/\/saude-escudeiro.pt\/fr\/wp-json\/wp\/v2\/pages\/4225","targetHints":{"allow":["GET"]}}],"collection":[{"href":"https:\/\/saude-escudeiro.pt\/fr\/wp-json\/wp\/v2\/pages"}],"about":[{"href":"https:\/\/saude-escudeiro.pt\/fr\/wp-json\/wp\/v2\/types\/page"}],"author":[{"embeddable":true,"href":"https:\/\/saude-escudeiro.pt\/fr\/wp-json\/wp\/v2\/users\/7"}],"replies":[{"embeddable":true,"href":"https:\/\/saude-escudeiro.pt\/fr\/wp-json\/wp\/v2\/comments?post=4225"}],"version-history":[{"count":3,"href":"https:\/\/saude-escudeiro.pt\/fr\/wp-json\/wp\/v2\/pages\/4225\/revisions"}],"predecessor-version":[{"id":4353,"href":"https:\/\/saude-escudeiro.pt\/fr\/wp-json\/wp\/v2\/pages\/4225\/revisions\/4353"}],"wp:attachment":[{"href":"https:\/\/saude-escudeiro.pt\/fr\/wp-json\/wp\/v2\/media?parent=4225"}],"curies":[{"name":"wp","href":"https:\/\/api.w.org\/{rel}","templated":true}]}}